{"id":8,"date":"2016-11-04T11:31:54","date_gmt":"2016-11-04T10:31:54","guid":{"rendered":"https:\/\/2017.torino.wordcamp.org\/speakers\/"},"modified":"2017-02-28T12:26:30","modified_gmt":"2017-02-28T11:26:30","slug":"speaker","status":"publish","type":"page","link":"https:\/\/torino.wordcamp.org\/2017\/speaker\/","title":{"rendered":"Speaker"},"content":{"rendered":"\n\t<div class=\"wcorg-speakers\">\n\n\t\t\n\t\t\t<!-- Organizers note: The id attribute is deprecated and only remains for backwards compatibility, please use the corresponding class to target individual speakers -->\n\t\t\t<div id=\"wcorg-speaker-alice-orru\" class=\"wcorg-speaker wcorg-speaker-alice-orru wcorg-track-track-a\">\n\t\t\t\t<h2>\n\t\t\t\t\t\n\t\t\t\t\t\t<a href=\"https:\/\/torino.wordcamp.org\/2017\/speaker\/alice-orru\/\">\n\t\t\t\t\t\t\tAlice Orru\t\t\t\t\t\t<\/a>\n\n\t\t\t\t\t\t\t\t\t<\/h2>\n\n\t\t\t\t<div class=\"wcorg-speaker-description\">\n\t\t\t\t\t<img alt='' src='https:\/\/secure.gravatar.com\/avatar\/76482f13898a1584ce24304d6921b1c140ac6b37d2f8812d7194117716b9e1f6?s=100&#038;d=mm&#038;r=g' srcset='https:\/\/secure.gravatar.com\/avatar\/76482f13898a1584ce24304d6921b1c140ac6b37d2f8812d7194117716b9e1f6?s=200&#038;d=mm&#038;r=g 2x' class='avatar avatar-100 photo' height='100' width='100' \/>\t\t\t\t\t<p>Sarda di nascita, ho sempre sognato di viaggiare fuori dai confini dell&#8217;isola.<br \/>\nHo vissuto e lavorato in diverse citt\u00e0 italiane e in Francia, poi circa 4 anni fa sono atterrata a Barcellona e il mio cuore \u00e8 rimasto l\u00ec.<br \/>\nDa poco meno di un anno per\u00f2 sono tornata in Italia, e ora vivo a Genova.<br \/>\nSono una blogger di lunga data, un&#8217;avida lettrice e una geek delle lingue straniere (per ora ne parlo 4).<br \/>\nDa un anno e mezzo lavoro nel servizio al cliente della societ\u00e0 francese WP Media, dove mi occupo del plugin di cache WP Rocket, rispondendo soprattutto ai clienti Italiani, Spagnoli e Francesi.<br \/>\nQuesta \u00e8 la mia prima esperienza di customer service per una compagnia dell&#8217;IT, e soprattutto la mia prima esperienza lavorativa con WordPress.<\/p>\n<p>Ma siccome amo le sfide, ho iniziato a studiare WordPress, sto imparando a usare il linguaggio PHP e a migliorare le mie conoscenze tecniche: il tutto con lo stesso entusiasmo con cui approccio una nuova lingua straniera!<\/p>\n\t\t\t\t<\/div>\n\t\t\t<\/div>\n\n\t\t\n\t\t\t<!-- Organizers note: The id attribute is deprecated and only remains for backwards compatibility, please use the corresponding class to target individual speakers -->\n\t\t\t<div id=\"wcorg-speaker-andrea-barghigiani\" class=\"wcorg-speaker wcorg-speaker-andrea-barghigiani wcorg-track-track-b\">\n\t\t\t\t<h2>\n\t\t\t\t\t\n\t\t\t\t\t\t<a href=\"https:\/\/torino.wordcamp.org\/2017\/speaker\/andrea-barghigiani\/\">\n\t\t\t\t\t\t\tAndrea Barghigiani\t\t\t\t\t\t<\/a>\n\n\t\t\t\t\t\t\t\t\t<\/h2>\n\n\t\t\t\t<div class=\"wcorg-speaker-description\">\n\t\t\t\t\t<img alt='' src='https:\/\/secure.gravatar.com\/avatar\/fdfdbf1a9c4ae99f4ed7f00301a41ce78617583dc175dec9bae2ec16a864f7a0?s=100&#038;d=mm&#038;r=g' srcset='https:\/\/secure.gravatar.com\/avatar\/fdfdbf1a9c4ae99f4ed7f00301a41ce78617583dc175dec9bae2ec16a864f7a0?s=200&#038;d=mm&#038;r=g 2x' class='avatar avatar-100 photo' height='100' width='100' \/>\t\t\t\t\t<p>Andrea \u00e8 incredibilmente appassionato e un forte sostenitore di WordPress, da anni condivide materiale formativo su wpAndMore sullo sviluppo e personalizzazione di questa piattaforma  per il raggiungimento delle necessit\u00e0 promozionali di una azienda.<br \/>\nAutore del libro \u201cTrasforma WordPress per l\u2019Inbound Marketing\u201d continua le sue attivit\u00e0 formative all\u2019interno del portale skillsAndMore creato con la sua azienda  e partecipa all\u2019organizzazione del WordPress Meetup Roma.<\/p>\n\t\t\t\t<\/div>\n\t\t\t<\/div>\n\n\t\t\n\t\t\t<!-- Organizers note: The id attribute is deprecated and only remains for backwards compatibility, please use the corresponding class to target individual speakers -->\n\t\t\t<div id=\"wcorg-speaker-andrea-cardinali\" class=\"wcorg-speaker wcorg-speaker-andrea-cardinali wcorg-track-track-b\">\n\t\t\t\t<h2>\n\t\t\t\t\t\n\t\t\t\t\t\t<a href=\"https:\/\/torino.wordcamp.org\/2017\/speaker\/andrea-cardinali\/\">\n\t\t\t\t\t\t\tAndrea Cardinali\t\t\t\t\t\t<\/a>\n\n\t\t\t\t\t\t\t\t\t<\/h2>\n\n\t\t\t\t<div class=\"wcorg-speaker-description\">\n\t\t\t\t\t<img alt='' src='https:\/\/secure.gravatar.com\/avatar\/9ac58008766693f9d096fcc2e4625727d47135c74cc12e95d9d654e9932202a7?s=100&#038;d=mm&#038;r=g' srcset='https:\/\/secure.gravatar.com\/avatar\/9ac58008766693f9d096fcc2e4625727d47135c74cc12e95d9d654e9932202a7?s=200&#038;d=mm&#038;r=g 2x' class='avatar avatar-100 photo' height='100' width='100' \/>\t\t\t\t\t<p>Andrea Cardinali programmatore WordPress e Consulente SEO. Da quando ho scoperto che tutto \u00e8 migliorabile ho iniziato a migliorare me stesso e da allora non ho pi\u00f9 smesso. Amo imparare cose nuove e questo mi rende estremamente curioso, sia sul web che nella vita di tutti i giorni. Membro attivo della community WordPress Meetup Romagna.<\/p>\n\t\t\t\t<\/div>\n\t\t\t<\/div>\n\n\t\t\n\t\t\t<!-- Organizers note: The id attribute is deprecated and only remains for backwards compatibility, please use the corresponding class to target individual speakers -->\n\t\t\t<div id=\"wcorg-speaker-barbara-damiano\" class=\"wcorg-speaker wcorg-speaker-barbara-damiano wcorg-track-track-a\">\n\t\t\t\t<h2>\n\t\t\t\t\t\n\t\t\t\t\t\t<a href=\"https:\/\/torino.wordcamp.org\/2017\/speaker\/barbara-damiano\/\">\n\t\t\t\t\t\t\tBarbara Damiano\t\t\t\t\t\t<\/a>\n\n\t\t\t\t\t\t\t\t\t<\/h2>\n\n\t\t\t\t<div class=\"wcorg-speaker-description\">\n\t\t\t\t\t<img alt='' src='https:\/\/secure.gravatar.com\/avatar\/f41344e2ebdaa7bffaf290e45d31cb6146a722e01641e52106124ecbe89dd569?s=100&#038;d=mm&#038;r=g' srcset='https:\/\/secure.gravatar.com\/avatar\/f41344e2ebdaa7bffaf290e45d31cb6146a722e01641e52106124ecbe89dd569?s=200&#038;d=mm&#038;r=g 2x' class='avatar avatar-100 photo' height='100' width='100' \/>\t\t\t\t\t<p>Barbara Damiano<br \/>\nGestisce diversi blog personali, tra i quali Mammafelice.it, portale di maternit\u00e0 creativa. Si occupa di contenuti editoriali per il web e di progetti editoriali speciali, realizzazione e monetizzazione blog, advertising online, campagne di webmarketing. Gestisce una Scuola di Blog (ReteLab), in cui insegna gratuitamente la professione di blogger, e si dedica alla costante ricerca di nuovi mezzi di conciliazione famiglia-lavoro.<br \/>\nIl suo blog: http:\/\/www.mammafelice.it<br \/>\nLa sua azienda: http:\/\/www.nexnova.net<\/p>\n\t\t\t\t<\/div>\n\t\t\t<\/div>\n\n\t\t\n\t\t\t<!-- Organizers note: The id attribute is deprecated and only remains for backwards compatibility, please use the corresponding class to target individual speakers -->\n\t\t\t<div id=\"wcorg-speaker-caspar-hubinger\" class=\"wcorg-speaker wcorg-speaker-caspar-hubinger\">\n\t\t\t\t<h2>\n\t\t\t\t\t\n\t\t\t\t\t\t<a href=\"https:\/\/torino.wordcamp.org\/2017\/speaker\/caspar-hubinger\/\">\n\t\t\t\t\t\t\tCaspar H\u00fcbinger\t\t\t\t\t\t<\/a>\n\n\t\t\t\t\t\t\t\t\t<\/h2>\n\n\t\t\t\t<div class=\"wcorg-speaker-description\">\n\t\t\t\t\t<img alt='' src='https:\/\/secure.gravatar.com\/avatar\/?s=100&#038;d=mm&#038;r=g' srcset='https:\/\/secure.gravatar.com\/avatar\/?s=200&#038;d=mm&#038;r=g 2x' class='avatar avatar-100 photo avatar-default' height='100' width='100' \/>\t\t\t\t\t<p>Caspar H\u00fcbinger has a fundamental interest in people and how they interact.<\/p>\n<p>As a self-taught post-dotcom web developer, he got introduced to WordPress \u201cBilly Strayhorn\u201d and has stayed ever since.<\/p>\n<p>His involvement with the WordPress Community has included co-organizing local Meetups and related events, as well as volunteering and speaking at WordCamps.<\/p>\n<p>He works as a support agent at WP Media.<\/p>\n\t\t\t\t<\/div>\n\t\t\t<\/div>\n\n\t\t\n\t\t\t<!-- Organizers note: The id attribute is deprecated and only remains for backwards compatibility, please use the corresponding class to target individual speakers -->\n\t\t\t<div id=\"wcorg-speaker-dana-donato\" class=\"wcorg-speaker wcorg-speaker-dana-donato wcorg-track-track-a\">\n\t\t\t\t<h2>\n\t\t\t\t\t\n\t\t\t\t\t\t<a href=\"https:\/\/torino.wordcamp.org\/2017\/speaker\/dana-donato\/\">\n\t\t\t\t\t\t\tDana Donato\t\t\t\t\t\t<\/a>\n\n\t\t\t\t\t\t\t\t\t<\/h2>\n\n\t\t\t\t<div class=\"wcorg-speaker-description\">\n\t\t\t\t\t<img alt='' src='https:\/\/secure.gravatar.com\/avatar\/812bb10d13dc7034871afd38065806f7ed16a8eff88dda6f604363dea005ebf5?s=100&#038;d=mm&#038;r=g' srcset='https:\/\/secure.gravatar.com\/avatar\/812bb10d13dc7034871afd38065806f7ed16a8eff88dda6f604363dea005ebf5?s=200&#038;d=mm&#038;r=g 2x' class='avatar avatar-100 photo' height='100' width='100' \/>\t\t\t\t\t<p>Sono Dana Donato e sono una progettista grafica freelance per il web. Progetto e disegno siti internet chiari, utili e intuitivi, che schiariscono le idee a chi li usa, invece di confonderle. Con il mio lavoro aiuto freelance e piccoli business che vogliono avere uno spazio online che conoscono e in cui si riconoscono. Uno strumento che li aiuti a ottenere pi\u00f9 risultati e che li aiuti a raggiungere i loro obiettivi.<\/p>\n\t\t\t\t<\/div>\n\t\t\t<\/div>\n\n\t\t\n\t\t\t<!-- Organizers note: The id attribute is deprecated and only remains for backwards compatibility, please use the corresponding class to target individual speakers -->\n\t\t\t<div id=\"wcorg-speaker-daniele-scasciafratte\" class=\"wcorg-speaker wcorg-speaker-daniele-scasciafratte wcorg-track-track-cd\">\n\t\t\t\t<h2>\n\t\t\t\t\t\n\t\t\t\t\t\t<a href=\"https:\/\/torino.wordcamp.org\/2017\/speaker\/daniele-scasciafratte\/\">\n\t\t\t\t\t\t\tDaniele Scasciafratte\t\t\t\t\t\t<\/a>\n\n\t\t\t\t\t\t\t\t\t<\/h2>\n\n\t\t\t\t<div class=\"wcorg-speaker-description\">\n\t\t\t\t\t<img alt='' src='https:\/\/secure.gravatar.com\/avatar\/db79d5416d942e5fd9415b136feefd2da7929cc39853b4c30bafff4ceb8ef219?s=100&#038;d=mm&#038;r=g' srcset='https:\/\/secure.gravatar.com\/avatar\/db79d5416d942e5fd9415b136feefd2da7929cc39853b4c30bafff4ceb8ef219?s=200&#038;d=mm&#038;r=g 2x' class='avatar avatar-100 photo' height='100' width='100' \/>\t\t\t\t\t<p>Daniele Scasciafratte has serious issues with of Open Source Contribution addicting.<br \/>\nHe should work in his web agency, Codeat in Rome, and in the rest of the day collaborate in many opensource projects.<br \/>\nDuring the office hours for the WordPress world is a Core Contributor, plugin developer, project translator editor and WP Roma meetup co-organizer.<br \/>\nHe fight with the superpower of a Mozilla Rep for an open web, is co-leading the participation team of Mozilla Italia and sometimes is an italian gestures speaker.<\/p>\n\t\t\t\t<\/div>\n\t\t\t<\/div>\n\n\t\t\n\t\t\t<!-- Organizers note: The id attribute is deprecated and only remains for backwards compatibility, please use the corresponding class to target individual speakers -->\n\t\t\t<div id=\"wcorg-speaker-avv-dario-paschetta-ll-m-lse\" class=\"wcorg-speaker wcorg-speaker-avv-dario-paschetta-ll-m-lse wcorg-track-track-a\">\n\t\t\t\t<h2>\n\t\t\t\t\t\n\t\t\t\t\t\t<a href=\"https:\/\/torino.wordcamp.org\/2017\/speaker\/avv-dario-paschetta-ll-m-lse\/\">\n\t\t\t\t\t\t\tDario Paschetta\t\t\t\t\t\t<\/a>\n\n\t\t\t\t\t\t\t\t\t<\/h2>\n\n\t\t\t\t<div class=\"wcorg-speaker-description\">\n\t\t\t\t\t<img alt='' src='https:\/\/secure.gravatar.com\/avatar\/c73906c5d7b1748c7bbcf36918c29f1d71ee069bc7e9254cf0c33fbb86667260?s=100&#038;d=mm&#038;r=g' srcset='https:\/\/secure.gravatar.com\/avatar\/c73906c5d7b1748c7bbcf36918c29f1d71ee069bc7e9254cf0c33fbb86667260?s=200&#038;d=mm&#038;r=g 2x' class='avatar avatar-100 photo' height='100' width='100' \/>\t\t\t\t\t<p>Dal 2007 collabora con lo Studio Legale Frignani Virano e Associati quale avvocato esperto in diritto della concorrenza, propriet\u00e0 industriale, societario e commerciale.<br \/>\nHa maturato una rilevante esperienza nell\u2019assistenza, giudiziale e stragiudiziale, di associazioni di categoria e d\u2019imprese, sia italiane che straniere, in materia di\u00a0CONCORRENZA<br \/>\nNel 2015 \u00e8 stato funzionario con incarico di legal adviser presso l\u2019Autorit\u00e0 antitrust inglese &#8211; Competition &amp; Markets Authority (CMA)<br \/>\nLaureato in giurisprudenza presso l\u2019Universit\u00e0 degli Studi di Torino nel 2004<br \/>\nNel 2006 ha conseguito LL.M. alla London School of Economics (LSE) in antitrust diritti di propriet\u00e0 industriale.<\/p>\n\t\t\t\t<\/div>\n\t\t\t<\/div>\n\n\t\t\n\t\t\t<!-- Organizers note: The id attribute is deprecated and only remains for backwards compatibility, please use the corresponding class to target individual speakers -->\n\t\t\t<div id=\"wcorg-speaker-eugenio-petulla\" class=\"wcorg-speaker wcorg-speaker-eugenio-petulla wcorg-track-track-a\">\n\t\t\t\t<h2>\n\t\t\t\t\t\n\t\t\t\t\t\t<a href=\"https:\/\/torino.wordcamp.org\/2017\/speaker\/eugenio-petulla\/\">\n\t\t\t\t\t\t\tEugenio Petull\u00e0\t\t\t\t\t\t<\/a>\n\n\t\t\t\t\t\t\t\t\t<\/h2>\n\n\t\t\t\t<div class=\"wcorg-speaker-description\">\n\t\t\t\t\t<img alt='' src='https:\/\/secure.gravatar.com\/avatar\/3746dbcea992ed5d14b2feec63fad3193c66196eecfcc3a8fcf20653e1535e5d?s=100&#038;d=mm&#038;r=g' srcset='https:\/\/secure.gravatar.com\/avatar\/3746dbcea992ed5d14b2feec63fad3193c66196eecfcc3a8fcf20653e1535e5d?s=200&#038;d=mm&#038;r=g 2x' class='avatar avatar-100 photo' height='100' width='100' \/>\t\t\t\t\t<p>ITA:<br \/>\nEugenio Petull\u00e0 \u00e8 l&#8217;organizzatore del WordPress Meetup di Roma, Mozilla Tech Speaker e sopratutto un Full Stack Developer interessato alla divulgazione e alla diffusione di tecnologie Open Source emergenti. Durante gli ultimi anni \u00e8 stato invitato come relatore in alcune delle pi\u00f9 grandi conferenze europee riguardo lo sviluppo, WordPress e il mondo dell&#8217;open source software.<\/p>\n<p>ENG:<br \/>\nEugenio Petull\u00e0 is the WordPress Rome Meetup organizer, Mozilla Tech Speaker and Full Stack Developer interested in sharing knowledge about open source and emerging technologies. During last years he was invited to speak about WordPress and Open source developing at some of the biggest conferences across Europe.<\/p>\n\t\t\t\t<\/div>\n\t\t\t<\/div>\n\n\t\t\n\t\t\t<!-- Organizers note: The id attribute is deprecated and only remains for backwards compatibility, please use the corresponding class to target individual speakers -->\n\t\t\t<div id=\"wcorg-speaker-h3yh0l3t5g0\" class=\"wcorg-speaker wcorg-speaker-h3yh0l3t5g0 wcorg-track-track-a\">\n\t\t\t\t<h2>\n\t\t\t\t\t\n\t\t\t\t\t\t<a href=\"https:\/\/torino.wordcamp.org\/2017\/speaker\/h3yh0l3t5g0\/\">\n\t\t\t\t\t\t\tFederica Villata\t\t\t\t\t\t<\/a>\n\n\t\t\t\t\t\t\t\t\t<\/h2>\n\n\t\t\t\t<div class=\"wcorg-speaker-description\">\n\t\t\t\t\t<img alt='' src='https:\/\/secure.gravatar.com\/avatar\/bcad50200531b9b09b1fbeac465dc07bc8f7b5d8e2ea7669c3613c32ee70c284?s=100&#038;d=mm&#038;r=g' srcset='https:\/\/secure.gravatar.com\/avatar\/bcad50200531b9b09b1fbeac465dc07bc8f7b5d8e2ea7669c3613c32ee70c284?s=200&#038;d=mm&#038;r=g 2x' class='avatar avatar-100 photo' height='100' width='100' \/>\t\t\t\t\t<p>Federica lavora nel campo della progettazione web da 10 anni, da quattro \u00e8 specializzata nello sviluppo front end per e-commerce con un occhio e una predilezione sempre maggiore per la user experience. Lavora in Bitbull, un team distribuito, con cui condivide la passione per il remote working e Magento.<\/p>\n\t\t\t\t<\/div>\n\t\t\t<\/div>\n\n\t\t\n\t\t\t<!-- Organizers note: The id attribute is deprecated and only remains for backwards compatibility, please use the corresponding class to target individual speakers -->\n\t\t\t<div id=\"wcorg-speaker-felix-arntz\" class=\"wcorg-speaker wcorg-speaker-felix-arntz wcorg-track-track-b\">\n\t\t\t\t<h2>\n\t\t\t\t\t\n\t\t\t\t\t\t<a href=\"https:\/\/torino.wordcamp.org\/2017\/speaker\/felix-arntz\/\">\n\t\t\t\t\t\t\tFelix Arntz\t\t\t\t\t\t<\/a>\n\n\t\t\t\t\t\t\t\t\t<\/h2>\n\n\t\t\t\t<div class=\"wcorg-speaker-description\">\n\t\t\t\t\t<img alt='' src='https:\/\/secure.gravatar.com\/avatar\/5e5d85517b2a39b57915393cc7f0a73f60d54febb50d759158df1b7919619d34?s=100&#038;d=mm&#038;r=g' srcset='https:\/\/secure.gravatar.com\/avatar\/5e5d85517b2a39b57915393cc7f0a73f60d54febb50d759158df1b7919619d34?s=200&#038;d=mm&#038;r=g 2x' class='avatar avatar-100 photo' height='100' width='100' \/>\t\t\t\t\t<p>Felix is a WordPress freelancer based in Germany, where he has been implementing client solutions and plugins for several years now. He is a backend developer with a major focus on multisite environments.<br \/>\nAfter creating a few open-source plugins to give back to the WordPress project, he is now also involved in core development, where he has been a component maintainer for Multisite and Post Thumbnails for a while and recently became a committer.<\/p>\n\t\t\t\t<\/div>\n\t\t\t<\/div>\n\n\t\t\n\t\t\t<!-- Organizers note: The id attribute is deprecated and only remains for backwards compatibility, please use the corresponding class to target individual speakers -->\n\t\t\t<div id=\"wcorg-speaker-manicardifrancesca\" class=\"wcorg-speaker wcorg-speaker-manicardifrancesca wcorg-track-track-cd\">\n\t\t\t\t<h2>\n\t\t\t\t\t\n\t\t\t\t\t\t<a href=\"https:\/\/torino.wordcamp.org\/2017\/speaker\/manicardifrancesca\/\">\n\t\t\t\t\t\t\tFrancesca Manicardi\t\t\t\t\t\t<\/a>\n\n\t\t\t\t\t\t\t\t\t<\/h2>\n\n\t\t\t\t<div class=\"wcorg-speaker-description\">\n\t\t\t\t\t<img alt='' src='https:\/\/secure.gravatar.com\/avatar\/c13e7a8c27994436b7025cb4fd54e759f7f70146beb9e3ab8487727c81920162?s=100&#038;d=mm&#038;r=g' srcset='https:\/\/secure.gravatar.com\/avatar\/c13e7a8c27994436b7025cb4fd54e759f7f70146beb9e3ab8487727c81920162?s=200&#038;d=mm&#038;r=g 2x' class='avatar avatar-100 photo' height='100' width='100' \/>\t\t\t\t\t<p>Nata italiana, sono cresciuta imparando inglese, tedesco e francese.<br \/>\nQuesta bellissima storia d&#8217;amore con le lingue si \u00e8 tramuta in Punto F, il mio lavoro.<\/p>\n<p>Traduttrice e interprete, docente, revisora, creatrice e curatrice di contenuti, mentore per aspiranti libere professioniste.<\/p>\n<p>www.punto-f.com<br \/>\nwww.thefreelancelab.it<\/p>\n\t\t\t\t<\/div>\n\t\t\t<\/div>\n\n\t\t\n\t\t\t<!-- Organizers note: The id attribute is deprecated and only remains for backwards compatibility, please use the corresponding class to target individual speakers -->\n\t\t\t<div id=\"wcorg-speaker-francgrasso\" class=\"wcorg-speaker wcorg-speaker-francgrasso\">\n\t\t\t\t<h2>\n\t\t\t\t\t\n\t\t\t\t\t\t<a href=\"https:\/\/torino.wordcamp.org\/2017\/speaker\/francgrasso\/\">\n\t\t\t\t\t\t\tFrancesco Grasso\t\t\t\t\t\t<\/a>\n\n\t\t\t\t\t\t\t\t\t<\/h2>\n\n\t\t\t\t<div class=\"wcorg-speaker-description\">\n\t\t\t\t\t<img alt='' src='https:\/\/secure.gravatar.com\/avatar\/960acbf050d76c6679990cf6e06a9e3a55e6fc861847df0e3167f041150bc4b3?s=100&#038;d=mm&#038;r=g' srcset='https:\/\/secure.gravatar.com\/avatar\/960acbf050d76c6679990cf6e06a9e3a55e6fc861847df0e3167f041150bc4b3?s=200&#038;d=mm&#038;r=g 2x' class='avatar avatar-100 photo' height='100' width='100' \/>\t\t\t\t\t<p>Mi chiamo Francesco Grasso e sono un web developer innamorato di WordPress. Ho iniziato la mia carriera lavorativa come sistemista di rete, ma con il cuore sempre alla grafica. Da quando ho scoperto il web e la magia che ci sta dietro ho iniziato un processo di formazione che credo non avr\u00e0 mai fine. Attualmente faccio parte del team di Your Inspiration e YITHemes e faccio di tutto, nel mio piccolo, per far crescere la comunit\u00e0 WordPress italiana. Sono anche organizzatore del WordPress meetup Catania.<\/p>\n\t\t\t\t<\/div>\n\t\t\t<\/div>\n\n\t\t\n\t\t\t<!-- Organizers note: The id attribute is deprecated and only remains for backwards compatibility, please use the corresponding class to target individual speakers -->\n\t\t\t<div id=\"wcorg-speaker-franz-vitulli\" class=\"wcorg-speaker wcorg-speaker-franz-vitulli wcorg-track-track-a\">\n\t\t\t\t<h2>\n\t\t\t\t\t\n\t\t\t\t\t\t<a href=\"https:\/\/torino.wordcamp.org\/2017\/speaker\/franz-vitulli\/\">\n\t\t\t\t\t\t\tFranz Vitulli\t\t\t\t\t\t<\/a>\n\n\t\t\t\t\t\t\t\t\t<\/h2>\n\n\t\t\t\t<div class=\"wcorg-speaker-description\">\n\t\t\t\t\t<img alt='' src='https:\/\/secure.gravatar.com\/avatar\/12001daf1ff0968cf50b5feaf8143c23c6ebdfd747f16dc7eb1bc06b1be984db?s=100&#038;d=mm&#038;r=g' srcset='https:\/\/secure.gravatar.com\/avatar\/12001daf1ff0968cf50b5feaf8143c23c6ebdfd747f16dc7eb1bc06b1be984db?s=200&#038;d=mm&#038;r=g 2x' class='avatar avatar-100 photo' height='100' width='100' \/>\t\t\t\t\t<p>Franz lavora come Product Manager a Human Made, agenzia partner VIP di WordPress.com che sviluppa soluzioni per clienti nel settore big media \/ publishing, realizza prodotti per il web (Happytables, BackUpWordPress e Nomadbase sono tre degli esempi pi\u00f9 recenti), e organizza eventi\u2014fino ad ora su WordPress REST API e lavoro in remoto.<\/p>\n<p>Appassionato di open source, convinto sostenitore del lavoro in remoto, Franz ama condividere le proprie conoscenze e supportare i membri delle comunit\u00e0 tech nel loro percorso di crescita.<\/p>\n<p>Quando non \u00e8 davanti al suo portatile sta suonando uno dei suoi bassi o sudando in palestra. Trova Franz sul team di Slack di WordPress (@franz) o su Twitter (@franzvitulli).<\/p>\n\t\t\t\t<\/div>\n\t\t\t<\/div>\n\n\t\t\n\t\t\t<!-- Organizers note: The id attribute is deprecated and only remains for backwards compatibility, please use the corresponding class to target individual speakers -->\n\t\t\t<div id=\"wcorg-speaker-giorgio-trono\" class=\"wcorg-speaker wcorg-speaker-giorgio-trono wcorg-track-track-a\">\n\t\t\t\t<h2>\n\t\t\t\t\t\n\t\t\t\t\t\t<a href=\"https:\/\/torino.wordcamp.org\/2017\/speaker\/giorgio-trono\/\">\n\t\t\t\t\t\t\tGiorgio Trono\t\t\t\t\t\t<\/a>\n\n\t\t\t\t\t\t\t\t\t<\/h2>\n\n\t\t\t\t<div class=\"wcorg-speaker-description\">\n\t\t\t\t\t<img alt='' src='https:\/\/secure.gravatar.com\/avatar\/548a628033df182ce09f8b36832e23a999f1c05b6e5e40dcfd06b19efd351ee3?s=100&#038;d=mm&#038;r=g' srcset='https:\/\/secure.gravatar.com\/avatar\/548a628033df182ce09f8b36832e23a999f1c05b6e5e40dcfd06b19efd351ee3?s=200&#038;d=mm&#038;r=g 2x' class='avatar avatar-100 photo' height='100' width='100' \/>\t\t\t\t\t<p>Avvocato, mi occupo di diritto del web e delle nuove tecnologie, di e-commerce, privacy e contratti per freelance ed imprese. <\/p>\n\t\t\t\t<\/div>\n\t\t\t<\/div>\n\n\t\t\n\t\t\t<!-- Organizers note: The id attribute is deprecated and only remains for backwards compatibility, please use the corresponding class to target individual speakers -->\n\t\t\t<div id=\"wcorg-speaker-giuseppe-mazzapica\" class=\"wcorg-speaker wcorg-speaker-giuseppe-mazzapica wcorg-track-track-b\">\n\t\t\t\t<h2>\n\t\t\t\t\t\n\t\t\t\t\t\t<a href=\"https:\/\/torino.wordcamp.org\/2017\/speaker\/giuseppe-mazzapica\/\">\n\t\t\t\t\t\t\tGiuseppe Mazzapica\t\t\t\t\t\t<\/a>\n\n\t\t\t\t\t\t\t\t\t<\/h2>\n\n\t\t\t\t<div class=\"wcorg-speaker-description\">\n\t\t\t\t\t<img alt='' src='https:\/\/secure.gravatar.com\/avatar\/e80e611bddc7df81147947439df7fc1c8ccfda9a695ea5ada92fc4023b40537b?s=100&#038;d=mm&#038;r=g' srcset='https:\/\/secure.gravatar.com\/avatar\/e80e611bddc7df81147947439df7fc1c8ccfda9a695ea5ada92fc4023b40537b?s=200&#038;d=mm&#038;r=g 2x' class='avatar avatar-100 photo' height='100' width='100' \/>\t\t\t\t\t<p>Self-taught PHP developer since 2005, I started developing for WordPress in 2006 and since then I&#8217;m involved in the international WordPress community, releasing open-source plugins and packages and actively contributing to many open source projects.<\/p>\n<p>I am moderator at WordPress Development Stack Exchange and one of the most active users there.<\/p>\n<p>After almost 10 years of freelancing and collaboration with international agencies, I now work as WordPress engineer at Inpsyde, one of the biggest european WordPress agencies and  VIP partner.<\/p>\n\t\t\t\t<\/div>\n\t\t\t<\/div>\n\n\t\t\n\t\t\t<!-- Organizers note: The id attribute is deprecated and only remains for backwards compatibility, please use the corresponding class to target individual speakers -->\n\t\t\t<div id=\"wcorg-speaker-john-blackbourn\" class=\"wcorg-speaker wcorg-speaker-john-blackbourn wcorg-track-track-cd wcorg-track-track-b\">\n\t\t\t\t<h2>\n\t\t\t\t\t\n\t\t\t\t\t\t<a href=\"https:\/\/torino.wordcamp.org\/2017\/speaker\/john-blackbourn\/\">\n\t\t\t\t\t\t\tJohn Blackbourn\t\t\t\t\t\t<\/a>\n\n\t\t\t\t\t\t\t\t\t<\/h2>\n\n\t\t\t\t<div class=\"wcorg-speaker-description\">\n\t\t\t\t\t<img alt='' src='https:\/\/secure.gravatar.com\/avatar\/3f7f2eca7b21611a889d821aa1cff799fec8d25619f551c5d16e102c7c374e84?s=100&#038;d=mm&#038;r=g' srcset='https:\/\/secure.gravatar.com\/avatar\/3f7f2eca7b21611a889d821aa1cff799fec8d25619f551c5d16e102c7c374e84?s=200&#038;d=mm&#038;r=g 2x' class='avatar avatar-100 photo' height='100' width='100' \/>\t\t\t\t\t<p>John is one of the WordPress core developers, a member of the WordPress security team, and was the release lead for WordPress 4.1. He works as a senior WordPress engineer at Human Made in the UK.<\/p>\n\t\t\t\t<\/div>\n\t\t\t<\/div>\n\n\t\t\n\t\t\t<!-- Organizers note: The id attribute is deprecated and only remains for backwards compatibility, please use the corresponding class to target individual speakers -->\n\t\t\t<div id=\"wcorg-speaker-laura-camellini\" class=\"wcorg-speaker wcorg-speaker-laura-camellini wcorg-track-track-b\">\n\t\t\t\t<h2>\n\t\t\t\t\t\n\t\t\t\t\t\t<a href=\"https:\/\/torino.wordcamp.org\/2017\/speaker\/laura-camellini\/\">\n\t\t\t\t\t\t\tLaura Camellini\t\t\t\t\t\t<\/a>\n\n\t\t\t\t\t\t\t\t\t<\/h2>\n\n\t\t\t\t<div class=\"wcorg-speaker-description\">\n\t\t\t\t\t<img alt='' src='https:\/\/secure.gravatar.com\/avatar\/eb9dd5f1026c55af8ba76ff5ade501fc89eb26fee919bd21c6fe191fb5ec835b?s=100&#038;d=mm&#038;r=g' srcset='https:\/\/secure.gravatar.com\/avatar\/eb9dd5f1026c55af8ba76ff5ade501fc89eb26fee919bd21c6fe191fb5ec835b?s=200&#038;d=mm&#038;r=g 2x' class='avatar avatar-100 photo' height='100' width='100' \/>\t\t\t\t\t<p>Web designer per scelta, con una formazione artistico-umanistica alle spalle. Mi occupo di tecnologia in modo &#8220;creativo&#8221; alla maniera di Kevin Mitnik.<br \/>\nAtttualmente lavoro per Demetratech.<\/p>\n\t\t\t\t<\/div>\n\t\t\t<\/div>\n\n\t\t\n\t\t\t<!-- Organizers note: The id attribute is deprecated and only remains for backwards compatibility, please use the corresponding class to target individual speakers -->\n\t\t\t<div id=\"wcorg-speaker-luca-tumedei\" class=\"wcorg-speaker wcorg-speaker-luca-tumedei wcorg-track-track-a\">\n\t\t\t\t<h2>\n\t\t\t\t\t\n\t\t\t\t\t\t<a href=\"https:\/\/torino.wordcamp.org\/2017\/speaker\/luca-tumedei\/\">\n\t\t\t\t\t\t\tLuca Tumedei\t\t\t\t\t\t<\/a>\n\n\t\t\t\t\t\t\t\t\t<\/h2>\n\n\t\t\t\t<div class=\"wcorg-speaker-description\">\n\t\t\t\t\t<img alt='' src='https:\/\/secure.gravatar.com\/avatar\/cfcb17cef7c79072982aef0ceeb4077d0879a59c0758aef72572b7e5a302b0e0?s=100&#038;d=mm&#038;r=g' srcset='https:\/\/secure.gravatar.com\/avatar\/cfcb17cef7c79072982aef0ceeb4077d0879a59c0758aef72572b7e5a302b0e0?s=200&#038;d=mm&#038;r=g 2x' class='avatar avatar-100 photo' height='100' width='100' \/>\t\t\t\t\t<p>I&#8217;m a freelance WordPress back-end developer, the creator and maintainer of wp-browser Codeception extension, a serial over-engineering person and one with too many GitHub repositories.<br \/>\nI got into WordPress development about 4 years ago and I&#8217;ve been blogging about my development misadventures way before being qualified to do so.<\/p>\n\t\t\t\t<\/div>\n\t\t\t<\/div>\n\n\t\t\n\t\t\t<!-- Organizers note: The id attribute is deprecated and only remains for backwards compatibility, please use the corresponding class to target individual speakers -->\n\t\t\t<div id=\"wcorg-speaker-pascal-birchler\" class=\"wcorg-speaker wcorg-speaker-pascal-birchler wcorg-track-track-b\">\n\t\t\t\t<h2>\n\t\t\t\t\t\n\t\t\t\t\t\t<a href=\"https:\/\/torino.wordcamp.org\/2017\/speaker\/pascal-birchler\/\">\n\t\t\t\t\t\t\tPascal Birchler\t\t\t\t\t\t<\/a>\n\n\t\t\t\t\t\t\t\t\t<\/h2>\n\n\t\t\t\t<div class=\"wcorg-speaker-description\">\n\t\t\t\t\t<img alt='' src='https:\/\/secure.gravatar.com\/avatar\/1718b7c2f2afc31b4e94805b6f1f6ae2b802cc4c696f99b11fde2186006c82c9?s=100&#038;d=mm&#038;r=g' srcset='https:\/\/secure.gravatar.com\/avatar\/1718b7c2f2afc31b4e94805b6f1f6ae2b802cc4c696f99b11fde2186006c82c9?s=200&#038;d=mm&#038;r=g 2x' class='avatar avatar-100 photo' height='100' width='100' \/>\t\t\t\t\t<p>Pascal is a student and Core Developer based in Zurich, Switzerland. He&#8217;s been working with WordPress for half of his life and passionate about helping other people and cooking. Most recently he&#8217;s been improving updates and i18n in WordPress.<\/p>\n\t\t\t\t<\/div>\n\t\t\t<\/div>\n\n\t\t\n\t\t\t<!-- Organizers note: The id attribute is deprecated and only remains for backwards compatibility, please use the corresponding class to target individual speakers -->\n\t\t\t<div id=\"wcorg-speaker-renzo-bassi\" class=\"wcorg-speaker wcorg-speaker-renzo-bassi wcorg-track-track-a\">\n\t\t\t\t<h2>\n\t\t\t\t\t\n\t\t\t\t\t\t<a href=\"https:\/\/torino.wordcamp.org\/2017\/speaker\/renzo-bassi\/\">\n\t\t\t\t\t\t\tRenzo Bassi\t\t\t\t\t\t<\/a>\n\n\t\t\t\t\t\t\t\t\t<\/h2>\n\n\t\t\t\t<div class=\"wcorg-speaker-description\">\n\t\t\t\t\t<img alt='' src='https:\/\/secure.gravatar.com\/avatar\/6dd86b5fcaa86e4cf07e9f461a40de2a2233e8dd3b8d5728615919dfe6eb064d?s=100&#038;d=mm&#038;r=g' srcset='https:\/\/secure.gravatar.com\/avatar\/6dd86b5fcaa86e4cf07e9f461a40de2a2233e8dd3b8d5728615919dfe6eb064d?s=200&#038;d=mm&#038;r=g 2x' class='avatar avatar-100 photo' height='100' width='100' \/>\t\t\t\t\t<p>Da anni sviluppo siti internet e WordPress \u00e8 diventato il mio pi\u00f9 importante strumento di lavoro. Lo uso dai tempi della preistorica versione 2.1 e sento di essere cresciuto con lui. Adesso non posso pi\u00f9 farne a meno e per stargli vicino anche fuori dell&#8217;orario di lavoro ho costituito il WordPress Meetup Piacenza.<\/p>\n\t\t\t\t<\/div>\n\t\t\t<\/div>\n\n\t\t\n\t\t\t<!-- Organizers note: The id attribute is deprecated and only remains for backwards compatibility, please use the corresponding class to target individual speakers -->\n\t\t\t<div id=\"wcorg-speaker-tammie-lister\" class=\"wcorg-speaker wcorg-speaker-tammie-lister wcorg-track-track-a\">\n\t\t\t\t<h2>\n\t\t\t\t\t\n\t\t\t\t\t\t<a href=\"https:\/\/torino.wordcamp.org\/2017\/speaker\/tammie-lister\/\">\n\t\t\t\t\t\t\tTammie Lister\t\t\t\t\t\t<\/a>\n\n\t\t\t\t\t\t\t\t\t<\/h2>\n\n\t\t\t\t<div class=\"wcorg-speaker-description\">\n\t\t\t\t\t<img alt='' src='https:\/\/secure.gravatar.com\/avatar\/08a4bf64aa85295a15e609a16e79feb78c1d9f1532d0f55db34bfd742eec2907?s=100&#038;d=mm&#038;r=g' srcset='https:\/\/secure.gravatar.com\/avatar\/08a4bf64aa85295a15e609a16e79feb78c1d9f1532d0f55db34bfd742eec2907?s=200&#038;d=mm&#038;r=g 2x' class='avatar avatar-100 photo' height='100' width='100' \/>\t\t\t\t\t<p>Tammie works at Automattic, the company behind WordPress.com. She has a varied background including psychology, design, front end development and user experience. She is a contributor to WordPress and passionate about Open Source.<\/p>\n\t\t\t\t<\/div>\n\t\t\t<\/div>\n\n\t\t\n\t\t\t<!-- Organizers note: The id attribute is deprecated and only remains for backwards compatibility, please use the corresponding class to target individual speakers -->\n\t\t\t<div id=\"wcorg-speaker-thomas-vitale\" class=\"wcorg-speaker wcorg-speaker-thomas-vitale wcorg-track-track-b\">\n\t\t\t\t<h2>\n\t\t\t\t\t\n\t\t\t\t\t\t<a href=\"https:\/\/torino.wordcamp.org\/2017\/speaker\/thomas-vitale\/\">\n\t\t\t\t\t\t\tThomas Vitale\t\t\t\t\t\t<\/a>\n\n\t\t\t\t\t\t\t\t\t<\/h2>\n\n\t\t\t\t<div class=\"wcorg-speaker-description\">\n\t\t\t\t\t<img alt='' src='https:\/\/secure.gravatar.com\/avatar\/eca61dd092be3f4af51b878e6a8e440c14f24d10129b8cd96b3f41ca5de7dd19?s=100&#038;d=mm&#038;r=g' srcset='https:\/\/secure.gravatar.com\/avatar\/eca61dd092be3f4af51b878e6a8e440c14f24d10129b8cd96b3f41ca5de7dd19?s=200&#038;d=mm&#038;r=g 2x' class='avatar avatar-100 photo' height='100' width='100' \/>\t\t\t\t\t<p>I&#8217;m a Computer Engineering student at the Polytechnic University of Turin, specializing in Software. IT Security, Software Engineering and Web Development are some of my main interests. I started using WordPress many years ago and I&#8217;ve never stopped working with it. Proud member of the beautiful WordPress community, I\u2019m one of the organizers of WordPress Meetup Torino and WordCamp Torino 2017.\u00a0\u00a0I love reading, traveling and playing music: I&#8217;ve been playing the piano for 16 years and I&#8217;m the keyboardist for\u00a0The Storm, a rock band from Turin. As a volunteer, I&#8217;m the\u00a0Managing Director, Vice President\u00a0and Communications Manager for\u00a0Avventure Magiche, a no-profit cultural organization based in Turin that, among other things, has been organizing the Wizard Academy for 12 years.<\/p>\n\t\t\t\t<\/div>\n\t\t\t<\/div>\n\n\t\t\n\t\t\t<!-- Organizers note: The id attribute is deprecated and only remains for backwards compatibility, please use the corresponding class to target individual speakers -->\n\t\t\t<div id=\"wcorg-speaker-ulrich-pogson\" class=\"wcorg-speaker wcorg-speaker-ulrich-pogson wcorg-track-track-cd\">\n\t\t\t\t<h2>\n\t\t\t\t\t\n\t\t\t\t\t\t<a href=\"https:\/\/torino.wordcamp.org\/2017\/speaker\/ulrich-pogson\/\">\n\t\t\t\t\t\t\tUlrich Pogson\t\t\t\t\t\t<\/a>\n\n\t\t\t\t\t\t\t\t\t<\/h2>\n\n\t\t\t\t<div class=\"wcorg-speaker-description\">\n\t\t\t\t\t<img alt='' src='https:\/\/secure.gravatar.com\/avatar\/eae9b03fdf1750ad9ecddf610003712fb406bce09006a0c4596071960057ea0e?s=100&#038;d=mm&#038;r=g' srcset='https:\/\/secure.gravatar.com\/avatar\/eae9b03fdf1750ad9ecddf610003712fb406bce09006a0c4596071960057ea0e?s=200&#038;d=mm&#038;r=g 2x' class='avatar avatar-100 photo' height='100' width='100' \/>\t\t\t\t\t<p>Student, Sportsman and WordPress developer with interests in responsive design and internationalization.<br \/>\n<a href=\"http:\/\/www.meetup.com\/WordPress-Bern\/\" rel=\"nofollow\">Meetup Bern<\/a> organiser and <a href=\"http:\/\/2014.switzerland.wordcamp.org\/\" rel=\"nofollow\">WordCamp Switzerland<\/a> co-organiser.<\/p>\n\t\t\t\t<\/div>\n\t\t\t<\/div>\n\n\t\t\n\t<\/div>\n\n\t\n","protected":false},"excerpt":{"rendered":"","protected":false},"author":14625608,"featured_media":0,"parent":0,"menu_order":0,"comment_status":"closed","ping_status":"closed","template":"template-full-width.php","meta":{"_crdt_document":"","jetpack_post_was_ever_published":false,"footnotes":""},"class_list":["post-8","page","type-page","status-publish","hentry"],"jetpack_sharing_enabled":true,"jetpack_shortlink":"https:\/\/wp.me\/P84TuR-8","_links":{"self":[{"href":"https:\/\/torino.wordcamp.org\/2017\/wp-json\/wp\/v2\/pages\/8","targetHints":{"allow":["GET"]}}],"collection":[{"href":"https:\/\/torino.wordcamp.org\/2017\/wp-json\/wp\/v2\/pages"}],"about":[{"href":"https:\/\/torino.wordcamp.org\/2017\/wp-json\/wp\/v2\/types\/page"}],"author":[{"embeddable":true,"href":"https:\/\/torino.wordcamp.org\/2017\/wp-json\/wp\/v2\/users\/14625608"}],"replies":[{"embeddable":true,"href":"https:\/\/torino.wordcamp.org\/2017\/wp-json\/wp\/v2\/comments?post=8"}],"version-history":[{"count":3,"href":"https:\/\/torino.wordcamp.org\/2017\/wp-json\/wp\/v2\/pages\/8\/revisions"}],"predecessor-version":[{"id":289,"href":"https:\/\/torino.wordcamp.org\/2017\/wp-json\/wp\/v2\/pages\/8\/revisions\/289"}],"wp:attachment":[{"href":"https:\/\/torino.wordcamp.org\/2017\/wp-json\/wp\/v2\/media?parent=8"}],"curies":[{"name":"wp","href":"https:\/\/api.w.org\/{rel}","templated":true}]}}