{"id":8,"date":"2018-10-15T14:35:31","date_gmt":"2018-10-15T14:35:31","guid":{"rendered":"https:\/\/2019.torino.wordcamp.org\/speakers\/"},"modified":"2019-02-27T11:08:46","modified_gmt":"2019-02-27T11:08:46","slug":"speakers","status":"publish","type":"page","link":"https:\/\/torino.wordcamp.org\/2019\/speakers\/","title":{"rendered":"Speakers"},"content":{"rendered":"\n\t<div class=\"wcorg-speakers\">\n\n\t\t\n\t\t\t<!-- Organizers note: The id attribute is deprecated and only remains for backwards compatibility, please use the corresponding class to target individual speakers -->\n\t\t\t<div id=\"wcorg-speaker-alessandra-cannata\" class=\"wcorg-speaker wcorg-speaker-alessandra-cannata wcorg-track-sala-2\">\n\t\t\t\t<h2>\n\t\t\t\t\t\n\t\t\t\t\t\t<a href=\"https:\/\/torino.wordcamp.org\/2019\/speaker\/alessandra-cannata\/\">\n\t\t\t\t\t\t\tAlessandra Cannat\u00e0\t\t\t\t\t\t<\/a>\n\n\t\t\t\t\t\t\t\t\t<\/h2>\n\n\t\t\t\t<div class=\"wcorg-speaker-description\">\n\t\t\t\t\t<img alt='' src='https:\/\/secure.gravatar.com\/avatar\/7b5d14f2500a862021afb2054ef0f12fa93e9d82bdf366f65a359c84d0acf276?s=100&#038;d=mm&#038;r=g' srcset='https:\/\/secure.gravatar.com\/avatar\/7b5d14f2500a862021afb2054ef0f12fa93e9d82bdf366f65a359c84d0acf276?s=200&#038;d=mm&#038;r=g 2x' class='avatar avatar-100 photo' height='100' width='100' \/>\t\t\t\t\t<p>Sviluppatrice WordPress e Rails, da ormai tre anni, presso weLaika. Quando non picchio i tasti del mio laptop, tiro di boxe in una palestra torinese.<\/p>\n\t\t\t\t<\/div>\n\t\t\t<\/div>\n\n\t\t\n\t\t\t<!-- Organizers note: The id attribute is deprecated and only remains for backwards compatibility, please use the corresponding class to target individual speakers -->\n\t\t\t<div id=\"wcorg-speaker-alessandra-farabegoli\" class=\"wcorg-speaker wcorg-speaker-alessandra-farabegoli wcorg-track-sala-2\">\n\t\t\t\t<h2>\n\t\t\t\t\t\n\t\t\t\t\t\t<a href=\"https:\/\/torino.wordcamp.org\/2019\/speaker\/alessandra-farabegoli\/\">\n\t\t\t\t\t\t\tAlessandra Farabegoli\t\t\t\t\t\t<\/a>\n\n\t\t\t\t\t\t\t\t\t<\/h2>\n\n\t\t\t\t<div class=\"wcorg-speaker-description\">\n\t\t\t\t\t<img alt='' src='https:\/\/secure.gravatar.com\/avatar\/40e5de4c4f9f6d6509a5dcb92d6e54d01f2e68f33c8d5fe0f47e45edcbedeadc?s=100&#038;d=mm&#038;r=g' srcset='https:\/\/secure.gravatar.com\/avatar\/40e5de4c4f9f6d6509a5dcb92d6e54d01f2e68f33c8d5fe0f47e45edcbedeadc?s=200&#038;d=mm&#038;r=g 2x' class='avatar avatar-100 photo' height='100' width='100' \/>\t\t\t\t\t<p>Consulente, formatrice e divulgatrice, si occupa di Internet dalla fine degli anni &#8217;90 aiutando aziende, enti e persone a usare Internet per fornire un servizio migliore, guadagnare di pi\u00f9 e lavorare meglio.<br \/>\n\u00c8 autrice per l&#8217;editore Apogeo di Sopravvivere alle informazioni su Internet \u2013 rimedi all\u2019information overload, Email Marketing con MailChimp, Email marketing in pratica; insieme a Enrico Marchetto ha pubblicato, sempre per Apogeo, Marketing in un mondo digitale.<br \/>\nInsieme a Gianluca Diegoli nel 2012 ha creato Digital Update, un progetto di formazione su strategie digitali e buon uso degli strumenti online. Con Miriam Bertoli e Gianluca Diegoli ha dato vita al Freelancecamp, evento di formazione e networking che coinvolge ogni anno centinaia di imprese e professionisti indipendenti.<br \/>\nwww.alessandrafarabegoli.it &#8211; www.digitalupdate.it<\/p>\n<p>TERR\u00d3 LO SPEECH INSIEME A ROBERTO PASINI<\/p>\n\t\t\t\t<\/div>\n\t\t\t<\/div>\n\n\t\t\n\t\t\t<!-- Organizers note: The id attribute is deprecated and only remains for backwards compatibility, please use the corresponding class to target individual speakers -->\n\t\t\t<div id=\"wcorg-speaker-alessandro-vercellotti\" class=\"wcorg-speaker wcorg-speaker-alessandro-vercellotti wcorg-track-sala-1\">\n\t\t\t\t<h2>\n\t\t\t\t\t\n\t\t\t\t\t\t<a href=\"https:\/\/torino.wordcamp.org\/2019\/speaker\/alessandro-vercellotti\/\">\n\t\t\t\t\t\t\tAlessandro Vercellotti\t\t\t\t\t\t<\/a>\n\n\t\t\t\t\t\t\t\t\t<\/h2>\n\n\t\t\t\t<div class=\"wcorg-speaker-description\">\n\t\t\t\t\t<img alt='' src='https:\/\/secure.gravatar.com\/avatar\/ab042255689b6b500c80cdd867c7ffcbdf62e56dfc78b88e84bc0a90e1629a7b?s=100&#038;d=mm&#038;r=g' srcset='https:\/\/secure.gravatar.com\/avatar\/ab042255689b6b500c80cdd867c7ffcbdf62e56dfc78b88e84bc0a90e1629a7b?s=200&#038;d=mm&#038;r=g 2x' class='avatar avatar-100 photo' height='100' width='100' \/>\t\t\t\t\t<p>Avvocato del Digitale, sono specializzato in diritto del Digitale e in particolare in E-commerce, Contrattualistica, Gdrp, Contest, Brand Reputation e Copyright. Non amo il &#8220;legalese&#8221; ma sono per la diffusione del messaggio legale in modo chiaro e comprensibile.<\/p>\n\t\t\t\t<\/div>\n\t\t\t<\/div>\n\n\t\t\n\t\t\t<!-- Organizers note: The id attribute is deprecated and only remains for backwards compatibility, please use the corresponding class to target individual speakers -->\n\t\t\t<div id=\"wcorg-speaker-andrea-cardinali\" class=\"wcorg-speaker wcorg-speaker-andrea-cardinali wcorg-track-sala-3\">\n\t\t\t\t<h2>\n\t\t\t\t\t\n\t\t\t\t\t\t<a href=\"https:\/\/torino.wordcamp.org\/2019\/speaker\/andrea-cardinali\/\">\n\t\t\t\t\t\t\tAndrea Cardinali\t\t\t\t\t\t<\/a>\n\n\t\t\t\t\t\t\t\t\t<\/h2>\n\n\t\t\t\t<div class=\"wcorg-speaker-description\">\n\t\t\t\t\t<img alt='' src='https:\/\/secure.gravatar.com\/avatar\/7693528357e7bf5c1eda955d155a63230ddca23424c118c988112e89de19c09f?s=100&#038;d=mm&#038;r=g' srcset='https:\/\/secure.gravatar.com\/avatar\/7693528357e7bf5c1eda955d155a63230ddca23424c118c988112e89de19c09f?s=200&#038;d=mm&#038;r=g 2x' class='avatar avatar-100 photo' height='100' width='100' \/>\t\t\t\t\t<div>Andrea Cardinali, specialista di siti performanti per imprese che vendono online. Sono nato (e cresciuto) come programmatore WordPress per poi specializzarmi nelle web performance.<\/div>\n<div>Oggi il mio focus non \u00e8 pi\u00f9 sull\u2019aumento della velocit\u00e0 del sito ma piuttosto sull\u2019aumento dei profitti. Amo condividere le mie conoscenze con altri specialisti web e imprenditori perch\u00e9 credo che questo sia il modo migliore per crescere.<\/div>\n\t\t\t\t<\/div>\n\t\t\t<\/div>\n\n\t\t\n\t\t\t<!-- Organizers note: The id attribute is deprecated and only remains for backwards compatibility, please use the corresponding class to target individual speakers -->\n\t\t\t<div id=\"wcorg-speaker-barbara-damiano\" class=\"wcorg-speaker wcorg-speaker-barbara-damiano wcorg-track-sala-1\">\n\t\t\t\t<h2>\n\t\t\t\t\t\n\t\t\t\t\t\t<a href=\"https:\/\/torino.wordcamp.org\/2019\/speaker\/barbara-damiano\/\">\n\t\t\t\t\t\t\tBarbara Damiano\t\t\t\t\t\t<\/a>\n\n\t\t\t\t\t\t\t\t\t<\/h2>\n\n\t\t\t\t<div class=\"wcorg-speaker-description\">\n\t\t\t\t\t<img alt='' src='https:\/\/secure.gravatar.com\/avatar\/f41344e2ebdaa7bffaf290e45d31cb6146a722e01641e52106124ecbe89dd569?s=100&#038;d=mm&#038;r=g' srcset='https:\/\/secure.gravatar.com\/avatar\/f41344e2ebdaa7bffaf290e45d31cb6146a722e01641e52106124ecbe89dd569?s=200&#038;d=mm&#038;r=g 2x' class='avatar avatar-100 photo' height='100' width='100' \/>\t\t\t\t\t<p>Blogger professionista, SEO copy, WP lover, creativa.<\/p>\n<p>Gestisce diversi blog personali, tra i quali <a href=\"https:\/\/www.mammafelice.it\/\">Mammafelice.it<\/a>, portale di maternit\u00e0 creativa.<\/p>\n<p>Si occupa di contenuti editoriali per il web e di campagne social, di realizzazione e monetizzazione blog, advertising online, campagne di webmarketing. Gestisce una Scuola di Blog (<a href=\"https:\/\/retelab.it\/\">ReteLab<\/a>), in cui insegna gratuitamente la professione di blogger, e si dedica alla costante ricerca di nuovi mezzi di conciliazione famiglia-lavoro.<\/p>\n<p>La sua azienda, insieme al marito Nestore, \u00e8 <a href=\"http:\/\/nexnova.net\">Nexnova.<\/a><\/p>\n\t\t\t\t<\/div>\n\t\t\t<\/div>\n\n\t\t\n\t\t\t<!-- Organizers note: The id attribute is deprecated and only remains for backwards compatibility, please use the corresponding class to target individual speakers -->\n\t\t\t<div id=\"wcorg-speaker-carlo-daniele\" class=\"wcorg-speaker wcorg-speaker-carlo-daniele wcorg-track-sala-2\">\n\t\t\t\t<h2>\n\t\t\t\t\t\n\t\t\t\t\t\t<a href=\"https:\/\/torino.wordcamp.org\/2019\/speaker\/carlo-daniele\/\">\n\t\t\t\t\t\t\tCarlo Daniele\t\t\t\t\t\t<\/a>\n\n\t\t\t\t\t\t\t\t\t<\/h2>\n\n\t\t\t\t<div class=\"wcorg-speaker-description\">\n\t\t\t\t\t<img alt='' src='https:\/\/secure.gravatar.com\/avatar\/12c4b978701e732690070933e6cc956634aac3a627cac4d93f8756f3e6aa39e2?s=100&#038;d=mm&#038;r=g' srcset='https:\/\/secure.gravatar.com\/avatar\/12c4b978701e732690070933e6cc956634aac3a627cac4d93f8756f3e6aa39e2?s=200&#038;d=mm&#038;r=g 2x' class='avatar avatar-100 photo' height='100' width='100' \/>\t\t\t\t\t<p>Barcamper di prima generazione, appassionato di arte e comunicazione, studioso folle di tutte le scienze umane e fondamentalista ambientale.<br \/>\nProfessionalmente \u00e8 stato in origine webdesigner e front-end developer, ora WordPress addicted e professional. Autore di articoli e guide per riviste a stampa (ioProgrammo) e online (HTML.it, Smashing magazine, WPMUDEV, Kinsta), molte delle quali dedicate a WordPress.<br \/>\nHa scritto per HTML.it, tra le altre cose, la guida completa allo sviluppo dei temi di WordPress (in 33 lezioni) e la guida completa all&#8217;uso di WordPress per professionisti (in 95 lezioni).<br \/>\nAl momento collabora con Kinsta come editor del sito italiano e autore del sito inglese.<br \/>\nPap\u00e0 di Michele, 12 anni. Va per i 48&#8230;<\/p>\n\t\t\t\t<\/div>\n\t\t\t<\/div>\n\n\t\t\n\t\t\t<!-- Organizers note: The id attribute is deprecated and only remains for backwards compatibility, please use the corresponding class to target individual speakers -->\n\t\t\t<div id=\"wcorg-speaker-cristiano-zanca\" class=\"wcorg-speaker wcorg-speaker-cristiano-zanca wcorg-track-sala-2\">\n\t\t\t\t<h2>\n\t\t\t\t\t\n\t\t\t\t\t\t<a href=\"https:\/\/torino.wordcamp.org\/2019\/speaker\/cristiano-zanca\/\">\n\t\t\t\t\t\t\tCristiano Zanca\t\t\t\t\t\t<\/a>\n\n\t\t\t\t\t\t\t\t\t<\/h2>\n\n\t\t\t\t<div class=\"wcorg-speaker-description\">\n\t\t\t\t\t<img alt='' src='https:\/\/secure.gravatar.com\/avatar\/c7d57e39f3a21c2a10cba7fd48977eb25fe5bd93bd0e36293ae3d0d5bcdd78ce?s=100&#038;d=mm&#038;r=g' srcset='https:\/\/secure.gravatar.com\/avatar\/c7d57e39f3a21c2a10cba7fd48977eb25fe5bd93bd0e36293ae3d0d5bcdd78ce?s=200&#038;d=mm&#038;r=g 2x' class='avatar avatar-100 photo' height='100' width='100' \/>\t\t\t\t\t<p>Mi chiamo Cristiano Zanca ho iniziato a navigare in Internet nel 1995 utilizzando Mosaic con un modem 14400Kbps<br \/>\nSviluppo software per l\u2019eCommerce e la Fatturazione Elettronica, ho realizzato i plugin WooCommerce Fattureincloud e WooCommerce Fattura24<br \/>\nFaccio orgogliosamente parte della grande Comunit\u00e0 Internazionale WordPress<br \/>\nSono da sempre un sostenitore del software Open Source<\/p>\n\t\t\t\t<\/div>\n\t\t\t<\/div>\n\n\t\t\n\t\t\t<!-- Organizers note: The id attribute is deprecated and only remains for backwards compatibility, please use the corresponding class to target individual speakers -->\n\t\t\t<div id=\"wcorg-speaker-dana-donato\" class=\"wcorg-speaker wcorg-speaker-dana-donato wcorg-track-sala-1\">\n\t\t\t\t<h2>\n\t\t\t\t\t\n\t\t\t\t\t\t<a href=\"https:\/\/torino.wordcamp.org\/2019\/speaker\/dana-donato\/\">\n\t\t\t\t\t\t\tDana Donato\t\t\t\t\t\t<\/a>\n\n\t\t\t\t\t\t\t\t\t<\/h2>\n\n\t\t\t\t<div class=\"wcorg-speaker-description\">\n\t\t\t\t\t<img alt='' src='https:\/\/secure.gravatar.com\/avatar\/812bb10d13dc7034871afd38065806f7ed16a8eff88dda6f604363dea005ebf5?s=100&#038;d=mm&#038;r=g' srcset='https:\/\/secure.gravatar.com\/avatar\/812bb10d13dc7034871afd38065806f7ed16a8eff88dda6f604363dea005ebf5?s=200&#038;d=mm&#038;r=g 2x' class='avatar avatar-100 photo' height='100' width='100' \/>\t\t\t\t\t<p>Sono Dana Donato, Graphic e Web Designer Freelance. Con il mio lavoro aiuto freelance e piccoli business coraggiosi e intraprendenti ad avere uno spazio online ed esprimere un\u2019identit\u00e0 che conoscono e in cui si riconoscono. Uno strumento che li aiuti a ottenere pi\u00f9 risultati e che li aiuti a raggiungere i loro obiettivi.<br \/>\nSono curiosa, mi piacciono le strade alternative, non convenzionali, talvolta controcorrente. Viaggio (quasi sempre) da sola. Per questo ho co-fondato e coordino un progetto per le donne che viaggiano da sole, \u201cViaggio da sola perch\u00e9\u201d, una comunit\u00e0 che oggi raccoglie pi\u00f9 di 16 mila viaggiatrici. Dedico il mio tempo libero ai miei 1000 interessi, tra i quali coltivare le relazioni interpersonali, il viaggio e la pratica dello Yoga.<\/p>\n\t\t\t\t<\/div>\n\t\t\t<\/div>\n\n\t\t\n\t\t\t<!-- Organizers note: The id attribute is deprecated and only remains for backwards compatibility, please use the corresponding class to target individual speakers -->\n\t\t\t<div id=\"wcorg-speaker-eleonora-panto\" class=\"wcorg-speaker wcorg-speaker-eleonora-panto wcorg-track-sala-1\">\n\t\t\t\t<h2>\n\t\t\t\t\t\n\t\t\t\t\t\t<a href=\"https:\/\/torino.wordcamp.org\/2019\/speaker\/eleonora-panto\/\">\n\t\t\t\t\t\t\tEleonora Pant\u00f2\t\t\t\t\t\t<\/a>\n\n\t\t\t\t\t\t\t\t\t<\/h2>\n\n\t\t\t\t<div class=\"wcorg-speaker-description\">\n\t\t\t\t\t<img alt='' src='https:\/\/secure.gravatar.com\/avatar\/4491c0bd5e84ea531fbdfed539ad0a915c3642f102538d3fb63863fae9d25658?s=100&#038;d=mm&#038;r=g' srcset='https:\/\/secure.gravatar.com\/avatar\/4491c0bd5e84ea531fbdfed539ad0a915c3642f102538d3fb63863fae9d25658?s=200&#038;d=mm&#038;r=g 2x' class='avatar avatar-100 photo' height='100' width='100' \/>\t\t\t\t\t<p>Eleonora Pant\u00f2 si occupa di innovazione tecnologica nell\u2019educazione per CSP, centro di ricerca piemontese.  Si occupa di diversit\u00e0 e inclusione, dell&#8217;uso dei videogiochi nella didattica,  della formazione online aperta e massiva (MOOC)  e alla promozione di community online. Ha promosso la costituzione dell\u2019Associazione Dschola per l\u2019uso delle tecnologie digitali  a scuola ed \u00e8 past  president dell\u2019Associazione Europea Media &amp; Learning, sui media digitali nell\u2019apprendimento.<\/p>\n\t\t\t\t<\/div>\n\t\t\t<\/div>\n\n\t\t\n\t\t\t<!-- Organizers note: The id attribute is deprecated and only remains for backwards compatibility, please use the corresponding class to target individual speakers -->\n\t\t\t<div id=\"wcorg-speaker-enrico-sorcinelli\" class=\"wcorg-speaker wcorg-speaker-enrico-sorcinelli wcorg-track-sala-3\">\n\t\t\t\t<h2>\n\t\t\t\t\t\n\t\t\t\t\t\t<a href=\"https:\/\/torino.wordcamp.org\/2019\/speaker\/enrico-sorcinelli\/\">\n\t\t\t\t\t\t\tEnrico Sorcinelli\t\t\t\t\t\t<\/a>\n\n\t\t\t\t\t\t\t\t\t<\/h2>\n\n\t\t\t\t<div class=\"wcorg-speaker-description\">\n\t\t\t\t\t<img alt='' src='https:\/\/secure.gravatar.com\/avatar\/bf798e28e45d2c4fcaca0b67a800bb8fda152b675b336eb26e26489dc0c002c8?s=100&#038;d=mm&#038;r=g' srcset='https:\/\/secure.gravatar.com\/avatar\/bf798e28e45d2c4fcaca0b67a800bb8fda152b675b336eb26e26489dc0c002c8?s=200&#038;d=mm&#038;r=g 2x' class='avatar avatar-100 photo' height='100' width='100' \/>\t\t\t\t\t<p>Quando non impegnato a pestare tasti e tamburi, cerca di fare del suo<br \/>\nmeglio occupandosi attualmente dei sistemi CMS di una storica Internet company italiana.<br \/>\nE&#8217; attratto da ogni bazar ove si faccia software libero divertendosi.<br \/>\nE la community WordPress \u00e8 uno dei suoi posti preferiti.<\/p>\n\t\t\t\t<\/div>\n\t\t\t<\/div>\n\n\t\t\n\t\t\t<!-- Organizers note: The id attribute is deprecated and only remains for backwards compatibility, please use the corresponding class to target individual speakers -->\n\t\t\t<div id=\"wcorg-speaker-erika-marconato\" class=\"wcorg-speaker wcorg-speaker-erika-marconato wcorg-track-sala-1\">\n\t\t\t\t<h2>\n\t\t\t\t\t\n\t\t\t\t\t\t<a href=\"https:\/\/torino.wordcamp.org\/2019\/speaker\/erika-marconato\/\">\n\t\t\t\t\t\t\tErika Marconato\t\t\t\t\t\t<\/a>\n\n\t\t\t\t\t\t\t\t\t<\/h2>\n\n\t\t\t\t<div class=\"wcorg-speaker-description\">\n\t\t\t\t\t<img alt='' src='https:\/\/secure.gravatar.com\/avatar\/3399832d47f98957b7a9b07a8243c289c7baf8860eac0a06ef917a1f41fb6a20?s=100&#038;d=mm&#038;r=g' srcset='https:\/\/secure.gravatar.com\/avatar\/3399832d47f98957b7a9b07a8243c289c7baf8860eac0a06ef917a1f41fb6a20?s=200&#038;d=mm&#038;r=g 2x' class='avatar avatar-100 photo' height='100' width='100' \/>\t\t\t\t\t<p>Leggo molto, a volte troppo.<br \/>\nMi interessano gli Open Data (e le storie che nascondono), l\u2019attivismo civico &#8211; specialmente digitale &#8211; e l\u2019openness in generale, soprattutto quando si lega alla cultura.<br \/>\nDal 2017, curo con Matteo Brunati un progetto che si chiama #CivicHackingIT (civichacking.it): dentro ci sono una newsletter settimanale sul civic hacking in Italia, una pubblicazione Medium con cose correlate al civic hacking e all&#8217;openness e un libro (che al momento \u00e8 ancora in scrittura).<br \/>\nHo un blog personale (erikamarconato.it), che gira grazie a WordPress, in cui parlo soprattutto di libri.<\/p>\n\t\t\t\t<\/div>\n\t\t\t<\/div>\n\n\t\t\n\t\t\t<!-- Organizers note: The id attribute is deprecated and only remains for backwards compatibility, please use the corresponding class to target individual speakers -->\n\t\t\t<div id=\"wcorg-speaker-federica-de-stefani\" class=\"wcorg-speaker wcorg-speaker-federica-de-stefani wcorg-track-sala-1\">\n\t\t\t\t<h2>\n\t\t\t\t\t\n\t\t\t\t\t\t<a href=\"https:\/\/torino.wordcamp.org\/2019\/speaker\/federica-de-stefani\/\">\n\t\t\t\t\t\t\tFederica De Stefani\t\t\t\t\t\t<\/a>\n\n\t\t\t\t\t\t\t\t\t<\/h2>\n\n\t\t\t\t<div class=\"wcorg-speaker-description\">\n\t\t\t\t\t<img alt='' src='https:\/\/secure.gravatar.com\/avatar\/1cd8766b116c600a483a5fb7ca1089c519b60298f0188eeaa18173b7897f54e1?s=100&#038;d=mm&#038;r=g' srcset='https:\/\/secure.gravatar.com\/avatar\/1cd8766b116c600a483a5fb7ca1089c519b60298f0188eeaa18173b7897f54e1?s=200&#038;d=mm&#038;r=g 2x' class='avatar avatar-100 photo' height='100' width='100' \/>\t\t\t\t\t<p>Federica De Stefani, avvocato e docente universitario, mi occupo di diritto delle nuove tecnologie con particolare riferimento a GDPR, privacy e contrattualistica. Scrivo per Hoepli e Giuffr\u00e8 editore, il mio ultimo libro \u00e8 &#8220;Il GDPR per il marketing e il business online&#8221;.<\/p>\n\t\t\t\t<\/div>\n\t\t\t<\/div>\n\n\t\t\n\t\t\t<!-- Organizers note: The id attribute is deprecated and only remains for backwards compatibility, please use the corresponding class to target individual speakers -->\n\t\t\t<div id=\"wcorg-speaker-francesco-arrighetti\" class=\"wcorg-speaker wcorg-speaker-francesco-arrighetti wcorg-track-sala-1\">\n\t\t\t\t<h2>\n\t\t\t\t\t\n\t\t\t\t\t\t<a href=\"https:\/\/torino.wordcamp.org\/2019\/speaker\/francesco-arrighetti\/\">\n\t\t\t\t\t\t\tFrancesco Arrighetti\t\t\t\t\t\t<\/a>\n\n\t\t\t\t\t\t\t\t\t<\/h2>\n\n\t\t\t\t<div class=\"wcorg-speaker-description\">\n\t\t\t\t\t<img alt='' src='https:\/\/secure.gravatar.com\/avatar\/4b916d1b4828915af9a857d69ed993904d8dc8d8c5648c79e57db982d8071139?s=100&#038;d=mm&#038;r=g' srcset='https:\/\/secure.gravatar.com\/avatar\/4b916d1b4828915af9a857d69ed993904d8dc8d8c5648c79e57db982d8071139?s=200&#038;d=mm&#038;r=g 2x' class='avatar avatar-100 photo' height='100' width='100' \/>\t\t\t\t\t<p>Dopo un\u2019esperienza decennale in una delle realt\u00e0 bancarie italiane pi\u00f9 all\u2019avanguardia nella digitalizzazione, ha ricoperto ruoli manageriali in agenzie specializzate nel Digital Marketing e nella Web Reputation.<\/p>\n<p>Oggi lavora come libero professionista, fornendo la propria consulenza alle aziende con lo scopo di accompagnarle lungo percorsi di digitalizzazione strutturati, di tutelarne la reputazione online e di creare, ottimizzare e promuovere la loro identit\u00e0 digitale.<\/p>\n\t\t\t\t<\/div>\n\t\t\t<\/div>\n\n\t\t\n\t\t\t<!-- Organizers note: The id attribute is deprecated and only remains for backwards compatibility, please use the corresponding class to target individual speakers -->\n\t\t\t<div id=\"wcorg-speaker-giacoma-allegretta\" class=\"wcorg-speaker wcorg-speaker-giacoma-allegretta wcorg-track-sala-2\">\n\t\t\t\t<h2>\n\t\t\t\t\t\n\t\t\t\t\t\t<a href=\"https:\/\/torino.wordcamp.org\/2019\/speaker\/giacoma-allegretta\/\">\n\t\t\t\t\t\t\tGiacoma Allegretta\t\t\t\t\t\t<\/a>\n\n\t\t\t\t\t\t\t\t\t<\/h2>\n\n\t\t\t\t<div class=\"wcorg-speaker-description\">\n\t\t\t\t\t<img alt='' src='https:\/\/secure.gravatar.com\/avatar\/ff6f1ed3970c2caacaed2c778a4418ced362a5a4497b3a9746fb6a670bd24426?s=100&#038;d=mm&#038;r=g' srcset='https:\/\/secure.gravatar.com\/avatar\/ff6f1ed3970c2caacaed2c778a4418ced362a5a4497b3a9746fb6a670bd24426?s=200&#038;d=mm&#038;r=g 2x' class='avatar avatar-100 photo' height='100' width='100' \/>\t\t\t\t\t<p>Studente alla facolt\u00e0 di Ingegneria Informatica e tirocinante.<br \/>\nQuasi 3 anni fa ho conosciuto la community di WordPress e da allora non riesco a farne a meno! GTE da meno di un anno, partecipo perlopi\u00f9 al gruppo di traduzione (polyglots) ma non mi dispiace affacciarmi anche agli altri gruppi di tanto in tanto!<\/p>\n\t\t\t\t<\/div>\n\t\t\t<\/div>\n\n\t\t\n\t\t\t<!-- Organizers note: The id attribute is deprecated and only remains for backwards compatibility, please use the corresponding class to target individual speakers -->\n\t\t\t<div id=\"wcorg-speaker-giuseppe-mazzapica\" class=\"wcorg-speaker wcorg-speaker-giuseppe-mazzapica wcorg-track-sala-3\">\n\t\t\t\t<h2>\n\t\t\t\t\t\n\t\t\t\t\t\t<a href=\"https:\/\/torino.wordcamp.org\/2019\/speaker\/giuseppe-mazzapica\/\">\n\t\t\t\t\t\t\tGiuseppe Mazzapica\t\t\t\t\t\t<\/a>\n\n\t\t\t\t\t\t\t\t\t<\/h2>\n\n\t\t\t\t<div class=\"wcorg-speaker-description\">\n\t\t\t\t\t<img alt='' src='https:\/\/secure.gravatar.com\/avatar\/e80e611bddc7df81147947439df7fc1c8ccfda9a695ea5ada92fc4023b40537b?s=100&#038;d=mm&#038;r=g' srcset='https:\/\/secure.gravatar.com\/avatar\/e80e611bddc7df81147947439df7fc1c8ccfda9a695ea5ada92fc4023b40537b?s=200&#038;d=mm&#038;r=g 2x' class='avatar avatar-100 photo' height='100' width='100' \/>\t\t\t\t\t<p>Una dozzina d&#8217;anni d&#8217;esperienza in PHP and WordPress, Giuseppe ha scritto il suo primo tema WordPress ad appena una settimana dal rilascio della versione 1.5, quando i temi sono stati introdotti. Dopo diversi anni passati da freelance, e una breve esperienza presso un importante gruppo media europeo, oggi Giuseppe \u00e8 uno sviluppatore WordPress presso Inpsyde, la pi\u00f9 grande agenzia WordPress in Germania e wp.com VIP partner. \u00c8 anche moderatore della comunit\u00e0 WordPress Development Stack Exchange, oltre ad essere un prolifico contributor open source, avendo come focus l&#8217;introduzione di moderne tecniche di sviluppo nelle librerie e plugin per WordPress.<\/p>\n\t\t\t\t<\/div>\n\t\t\t<\/div>\n\n\t\t\n\t\t\t<!-- Organizers note: The id attribute is deprecated and only remains for backwards compatibility, please use the corresponding class to target individual speakers -->\n\t\t\t<div id=\"wcorg-speaker-katerina-angelova\" class=\"wcorg-speaker wcorg-speaker-katerina-angelova wcorg-track-sala-1\">\n\t\t\t\t<h2>\n\t\t\t\t\t\n\t\t\t\t\t\t<a href=\"https:\/\/torino.wordcamp.org\/2019\/speaker\/katerina-angelova\/\">\n\t\t\t\t\t\t\tKaterina Angelova\t\t\t\t\t\t<\/a>\n\n\t\t\t\t\t\t\t\t\t<\/h2>\n\n\t\t\t\t<div class=\"wcorg-speaker-description\">\n\t\t\t\t\t<img alt='' src='https:\/\/secure.gravatar.com\/avatar\/53d2e3b7a748b4001a4dc7367a80c7d7ab0b770f8a52d084c07ea71c9e4b3862?s=100&#038;d=mm&#038;r=g' srcset='https:\/\/secure.gravatar.com\/avatar\/53d2e3b7a748b4001a4dc7367a80c7d7ab0b770f8a52d084c07ea71c9e4b3862?s=200&#038;d=mm&#038;r=g 2x' class='avatar avatar-100 photo' height='100' width='100' \/>\t\t\t\t\t<p>Katerina is a Partnerships Manager at SiteGround, where she excels in building strategic long term relationships. With nine years of experience travelling and managing people from different countries, she has an in-depth knowledge of culture and human behaviour which helps her establish strong and successful business collaborations. She believes that no matter the industry, the human element is the foundation of every thriving business and the key to meaningful synergy among entrepreneurs.<\/p>\n\t\t\t\t<\/div>\n\t\t\t<\/div>\n\n\t\t\n\t\t\t<!-- Organizers note: The id attribute is deprecated and only remains for backwards compatibility, please use the corresponding class to target individual speakers -->\n\t\t\t<div id=\"wcorg-speaker-laura-venturini\" class=\"wcorg-speaker wcorg-speaker-laura-venturini wcorg-track-sala-1\">\n\t\t\t\t<h2>\n\t\t\t\t\t\n\t\t\t\t\t\t<a href=\"https:\/\/torino.wordcamp.org\/2019\/speaker\/laura-venturini\/\">\n\t\t\t\t\t\t\tLaura Venturini\t\t\t\t\t\t<\/a>\n\n\t\t\t\t\t\t\t\t\t<\/h2>\n\n\t\t\t\t<div class=\"wcorg-speaker-description\">\n\t\t\t\t\t<img alt='' src='https:\/\/secure.gravatar.com\/avatar\/92c8a29506e2797be8ddebcba32419a9fa9dd298b5c6b011680b20b8c5f3cc2b?s=100&#038;d=mm&#038;r=g' srcset='https:\/\/secure.gravatar.com\/avatar\/92c8a29506e2797be8ddebcba32419a9fa9dd298b5c6b011680b20b8c5f3cc2b?s=200&#038;d=mm&#038;r=g 2x' class='avatar avatar-100 photo' height='100' width='100' \/>\t\t\t\t\t<p>Consulente SEO, CEO di Quindo, appassionata di WordPress e del mondo digital.<\/p>\n\t\t\t\t<\/div>\n\t\t\t<\/div>\n\n\t\t\n\t\t\t<!-- Organizers note: The id attribute is deprecated and only remains for backwards compatibility, please use the corresponding class to target individual speakers -->\n\t\t\t<div id=\"wcorg-speaker-luc-princen\" class=\"wcorg-speaker wcorg-speaker-luc-princen wcorg-track-sala-2\">\n\t\t\t\t<h2>\n\t\t\t\t\t\n\t\t\t\t\t\t<a href=\"https:\/\/torino.wordcamp.org\/2019\/speaker\/luc-princen\/\">\n\t\t\t\t\t\t\tLuc Princen\t\t\t\t\t\t<\/a>\n\n\t\t\t\t\t\t\t\t\t<\/h2>\n\n\t\t\t\t<div class=\"wcorg-speaker-description\">\n\t\t\t\t\t<img alt='' src='https:\/\/secure.gravatar.com\/avatar\/5254e55a4c0a74acba29bc5c4fa0e6f6eca5bdb63f043c3331fd7ea95e9f148a?s=100&#038;d=mm&#038;r=g' srcset='https:\/\/secure.gravatar.com\/avatar\/5254e55a4c0a74acba29bc5c4fa0e6f6eca5bdb63f043c3331fd7ea95e9f148a?s=200&#038;d=mm&#038;r=g 2x' class='avatar avatar-100 photo' height='100' width='100' \/>\t\t\t\t\t<p>Luc Princen is an independent developer and designer from The Netherlands specializing in WordPress and frontend development. He loves open source, elegant code, fast load times, Dungeons &amp; Dragons and playing the occasional (grand) strategy game. You can find him on Twitter with the handle @LucP.<\/p>\n\t\t\t\t<\/div>\n\t\t\t<\/div>\n\n\t\t\n\t\t\t<!-- Organizers note: The id attribute is deprecated and only remains for backwards compatibility, please use the corresponding class to target individual speakers -->\n\t\t\t<div id=\"wcorg-speaker-marco-narzisi\" class=\"wcorg-speaker wcorg-speaker-marco-narzisi wcorg-track-sala-1\">\n\t\t\t\t<h2>\n\t\t\t\t\t\n\t\t\t\t\t\t<a href=\"https:\/\/torino.wordcamp.org\/2019\/speaker\/marco-narzisi\/\">\n\t\t\t\t\t\t\tMarco Narzisi\t\t\t\t\t\t<\/a>\n\n\t\t\t\t\t\t\t\t\t<\/h2>\n\n\t\t\t\t<div class=\"wcorg-speaker-description\">\n\t\t\t\t\t<img alt='' src='https:\/\/secure.gravatar.com\/avatar\/c0f59412fa58658f1b854f67f685ffdb9ee0a853d15452759ea68f11b19ecb81?s=100&#038;d=mm&#038;r=g' srcset='https:\/\/secure.gravatar.com\/avatar\/c0f59412fa58658f1b854f67f685ffdb9ee0a853d15452759ea68f11b19ecb81?s=200&#038;d=mm&#038;r=g 2x' class='avatar avatar-100 photo' height='100' width='100' \/>\t\t\t\t\t<p>Sono siciliano, ma vivo da alcuni anni a Lugano, in Svizzera.<br \/>\nE no, non parlo lo Svizzero.<br \/>\nSono un freelance che ha trovato in WordPress lo strumento perfetto per dare una forma alle proprie idee, mi occupo di realizzare siti web per piccole (a volte piccolissime) e medie imprese, e per associazioni no-profit.<br \/>\nGestisco inoltre il portale di informazione GAS.social, sia come webmaster che come blogger.<br \/>\nSono fra i fondatori del Lugano WordPress Meetup.<\/p>\n\t\t\t\t<\/div>\n\t\t\t<\/div>\n\n\t\t\n\t\t\t<!-- Organizers note: The id attribute is deprecated and only remains for backwards compatibility, please use the corresponding class to target individual speakers -->\n\t\t\t<div id=\"wcorg-speaker-marieke-van-de-rakt\" class=\"wcorg-speaker wcorg-speaker-marieke-van-de-rakt wcorg-track-sala-1\">\n\t\t\t\t<h2>\n\t\t\t\t\t\n\t\t\t\t\t\t<a href=\"https:\/\/torino.wordcamp.org\/2019\/speaker\/marieke-van-de-rakt\/\">\n\t\t\t\t\t\t\tMarieke van de Rakt\t\t\t\t\t\t<\/a>\n\n\t\t\t\t\t\t\t\t\t<\/h2>\n\n\t\t\t\t<div class=\"wcorg-speaker-description\">\n\t\t\t\t\t<img alt='' src='https:\/\/secure.gravatar.com\/avatar\/680332e6a2c01fb87007fc18990326c1dcb1d55f195a57c3f41bf41107c0db21?s=100&#038;d=mm&#038;r=g' srcset='https:\/\/secure.gravatar.com\/avatar\/680332e6a2c01fb87007fc18990326c1dcb1d55f195a57c3f41bf41107c0db21?s=200&#038;d=mm&#038;r=g 2x' class='avatar avatar-100 photo' height='100' width='100' \/>\t\t\t\t\t\n<p class=\"wp-block-paragraph\">Marieke van de Rakt is the CEO of Yoast. She founded Yoast Academy and manages marketing and the Yoast project teams. Her favorite SEO topics are SEO copywriting and site structure. In a previous life she studied sociology and criminology and obtained a PhD in social science.<\/p>\n\t\t\t\t<\/div>\n\t\t\t<\/div>\n\n\t\t\n\t\t\t<!-- Organizers note: The id attribute is deprecated and only remains for backwards compatibility, please use the corresponding class to target individual speakers -->\n\t\t\t<div id=\"wcorg-speaker-mauricio-gelves\" class=\"wcorg-speaker wcorg-speaker-mauricio-gelves wcorg-track-sala-2\">\n\t\t\t\t<h2>\n\t\t\t\t\t\n\t\t\t\t\t\t<a href=\"https:\/\/torino.wordcamp.org\/2019\/speaker\/mauricio-gelves\/\">\n\t\t\t\t\t\t\tMauricio Gelves\t\t\t\t\t\t<\/a>\n\n\t\t\t\t\t\t\t\t\t<\/h2>\n\n\t\t\t\t<div class=\"wcorg-speaker-description\">\n\t\t\t\t\t<img alt='' src='https:\/\/secure.gravatar.com\/avatar\/c1e02b78939cfec5683d393e3f8ba7978bf1ed27c084bcba4cc7b414352ae0f4?s=100&#038;d=mm&#038;r=g' srcset='https:\/\/secure.gravatar.com\/avatar\/c1e02b78939cfec5683d393e3f8ba7978bf1ed27c084bcba4cc7b414352ae0f4?s=200&#038;d=mm&#038;r=g 2x' class='avatar avatar-100 photo' height='100' width='100' \/>\t\t\t\t\t<p>Mauricio Gelves \u00e8 un Ingegnere di Software, lavora come Consulente Web Freelance e ha tenuto vari interventi in molti WordCamps in tutto il mondo. \u00c8 Nomade Digitale dal 2015, attivit\u00e0 che combina le sue due pi\u00f9 grandi passioni: viaggiare e le nuove tecnologie. Condivide le sue esperienze con articoli e video che si possono consultare e visualizzare nel suo blog e nell&#8217;account di YouTube.<br \/>\nSito Web: maugelves.com<br \/>\nTwitter: @maugelves<br \/>\nYouTube: https:\/\/www.youtube.com\/c\/mauriciogelves<br \/>\nInstagram: https:\/\/www.instagram.com\/maugelves\/<\/p>\n\t\t\t\t<\/div>\n\t\t\t<\/div>\n\n\t\t\n\t\t\t<!-- Organizers note: The id attribute is deprecated and only remains for backwards compatibility, please use the corresponding class to target individual speakers -->\n\t\t\t<div id=\"wcorg-speaker-maurizio-pelizzone\" class=\"wcorg-speaker wcorg-speaker-maurizio-pelizzone wcorg-track-sala-2\">\n\t\t\t\t<h2>\n\t\t\t\t\t\n\t\t\t\t\t\t<a href=\"https:\/\/torino.wordcamp.org\/2019\/speaker\/maurizio-pelizzone\/\">\n\t\t\t\t\t\t\tMaurizio Pelizzone\t\t\t\t\t\t<\/a>\n\n\t\t\t\t\t\t\t\t\t<\/h2>\n\n\t\t\t\t<div class=\"wcorg-speaker-description\">\n\t\t\t\t\t<img alt='' src='https:\/\/secure.gravatar.com\/avatar\/e69e280dadcd92e7251486a81e61a405750869f4240b9ac1183e701db0fa412d?s=100&#038;d=mm&#038;r=g' srcset='https:\/\/secure.gravatar.com\/avatar\/e69e280dadcd92e7251486a81e61a405750869f4240b9ac1183e701db0fa412d?s=200&#038;d=mm&#038;r=g 2x' class='avatar avatar-100 photo' height='100' width='100' \/>\t\t\t\t\t<p>Sono Maurizio, un sognatore testardo classe 75, con la testa tra le nuvole e i piedi per terra.<\/p>\n<p>Amo le sfide ma sono un\u2019inquieto per natura.<br \/>\nAdoro fotografare, suonare, cucinare, incontrare gente e parlare agli sconosciuti.<br \/>\nLe cose che mi fano stare bene sono tante: improvvisare una pentatonica con un vecchio ampli valovare, un buon gioco da tavolo con gli amici, l\u2019aria fresca della mattina guardando il sole che sorge, un bicchiere di vino insieme alla persona giusta ma sopratutto guardare gli occhi felici di mio figlio.<\/p>\n<p>Sono curioso per natura e quando posso esploro e sperimento tutto quello che mi suscita interese.<\/p>\n\t\t\t\t<\/div>\n\t\t\t<\/div>\n\n\t\t\n\t\t\t<!-- Organizers note: The id attribute is deprecated and only remains for backwards compatibility, please use the corresponding class to target individual speakers -->\n\t\t\t<div id=\"wcorg-speaker-monique-dubbelman\" class=\"wcorg-speaker wcorg-speaker-monique-dubbelman\">\n\t\t\t\t<h2>\n\t\t\t\t\t\n\t\t\t\t\t\t<a href=\"https:\/\/torino.wordcamp.org\/2019\/speaker\/monique-dubbelman\/\">\n\t\t\t\t\t\t\tMonique Dubbelman\t\t\t\t\t\t<\/a>\n\n\t\t\t\t\t\t\t\t\t<\/h2>\n\n\t\t\t\t<div class=\"wcorg-speaker-description\">\n\t\t\t\t\t<img alt='' src='https:\/\/secure.gravatar.com\/avatar\/f45590cb234b8653a015a14aab889b934cc20674556543ce34f4df46c3bce33b?s=100&#038;d=mm&#038;r=g' srcset='https:\/\/secure.gravatar.com\/avatar\/f45590cb234b8653a015a14aab889b934cc20674556543ce34f4df46c3bce33b?s=200&#038;d=mm&#038;r=g 2x' class='avatar avatar-100 photo' height='100' width='100' \/>\t\t\t\t\t<p>Monique started working as a graphical designer and engineer somewhere in the 20th century. She discovered the web in the early 90\u2019s and has been online ever since, always exploring new possibilities.<br \/>\nOver the years, her expertise shifted towards marketing, communications and UX web design. About 10 years ago, she started selling online and therefore built and designed her own web shop. She works as an entrepreneur in her own company BOE!media since 2011, advising small business owners on their digital (marketing) strategy.<br \/>\nIn 2016, she graduated from the Amsterdam University of Applied Sciences as a bachelor in information management. Building user-friendly websites with WordPress is an important part of her work.<br \/>\nWhen she\u2019s not glued to her phone or computer, she likes to whisper to earth worms in her vegetable garden.<\/p>\n\t\t\t\t<\/div>\n\t\t\t<\/div>\n\n\t\t\n\t\t\t<!-- Organizers note: The id attribute is deprecated and only remains for backwards compatibility, please use the corresponding class to target individual speakers -->\n\t\t\t<div id=\"wcorg-speaker-nadiapanato\" class=\"wcorg-speaker wcorg-speaker-nadiapanato wcorg-track-sala-1\">\n\t\t\t\t<h2>\n\t\t\t\t\t\n\t\t\t\t\t\t<a href=\"https:\/\/torino.wordcamp.org\/2019\/speaker\/nadiapanato\/\">\n\t\t\t\t\t\t\tNadia Panato\t\t\t\t\t\t<\/a>\n\n\t\t\t\t\t\t\t\t\t<\/h2>\n\n\t\t\t\t<div class=\"wcorg-speaker-description\">\n\t\t\t\t\t<img alt='' src='https:\/\/secure.gravatar.com\/avatar\/80f73544345d2025aca2d7b0546e574e7d71284b918f1b528745807fd4773d91?s=100&#038;d=mm&#038;r=g' srcset='https:\/\/secure.gravatar.com\/avatar\/80f73544345d2025aca2d7b0546e574e7d71284b918f1b528745807fd4773d91?s=200&#038;d=mm&#038;r=g 2x' class='avatar avatar-100 photo' height='100' width='100' \/>\t\t\t\t\t<p>Sono Nadia, interior designer di formazione, divenuta nel tempo project manager con il pallino della comunicazione.<br \/>\nProgetto spazi di comunicazione reali e digitali per le aziende che vogliono fare uscire allo scoperto i propri valori e le proprie eccellenze, al di l\u00e0 di ci\u00f2 che producono. Credo in una comunicazione etica, dove ogni parola e ogni strumento sono importanti e non ridondanti. Mi piace pensare di creare luoghi per la comunicazione, fatti per le persone, dove i contenuti sono utili e chiari. Credo nella bellezza degli spazi pensati per l&#8217;uomo, e nel loro potere di far star bene chi li abita.<\/p>\n\t\t\t\t<\/div>\n\t\t\t<\/div>\n\n\t\t\n\t\t\t<!-- Organizers note: The id attribute is deprecated and only remains for backwards compatibility, please use the corresponding class to target individual speakers -->\n\t\t\t<div id=\"wcorg-speaker-nando-pappalardo\" class=\"wcorg-speaker wcorg-speaker-nando-pappalardo wcorg-track-sala-1\">\n\t\t\t\t<h2>\n\t\t\t\t\t\n\t\t\t\t\t\t<a href=\"https:\/\/torino.wordcamp.org\/2019\/speaker\/nando-pappalardo\/\">\n\t\t\t\t\t\t\tNando Pappalardo\t\t\t\t\t\t<\/a>\n\n\t\t\t\t\t\t\t\t\t<\/h2>\n\n\t\t\t\t<div class=\"wcorg-speaker-description\">\n\t\t\t\t\t<img alt='' src='https:\/\/secure.gravatar.com\/avatar\/c7d6c5c3165c9892a53f8e6312f8903a6dee67f22b5638b2429eb14b3c40b76d?s=100&#038;d=mm&#038;r=g' srcset='https:\/\/secure.gravatar.com\/avatar\/c7d6c5c3165c9892a53f8e6312f8903a6dee67f22b5638b2429eb14b3c40b76d?s=200&#038;d=mm&#038;r=g 2x' class='avatar avatar-100 photo' height='100' width='100' \/>\t\t\t\t\t<p>Tra gli imprenditori di maggiore successo nell\u2019ecosistema WordPress, \u00e8 stato uno dei primi italiani a imporsi sul mercato internazionale con prodotti di top selling. Fondatore di Your Inspiration Web, famosa community italiana dedicata al mondo del Web Design, oggi \u00e8 CEO di YITH, un\u2019azienda focalizzata nello sviluppo e commercializzazione di plugin per WooCommerce.<\/p>\n\t\t\t\t<\/div>\n\t\t\t<\/div>\n\n\t\t\n\t\t\t<!-- Organizers note: The id attribute is deprecated and only remains for backwards compatibility, please use the corresponding class to target individual speakers -->\n\t\t\t<div id=\"wcorg-speaker-omar-reiss\" class=\"wcorg-speaker wcorg-speaker-omar-reiss wcorg-track-sala-2\">\n\t\t\t\t<h2>\n\t\t\t\t\t\n\t\t\t\t\t\t<a href=\"https:\/\/torino.wordcamp.org\/2019\/speaker\/omar-reiss\/\">\n\t\t\t\t\t\t\tOmar Reiss\t\t\t\t\t\t<\/a>\n\n\t\t\t\t\t\t\t\t\t<\/h2>\n\n\t\t\t\t<div class=\"wcorg-speaker-description\">\n\t\t\t\t\t<img alt='' src='https:\/\/secure.gravatar.com\/avatar\/768c0bceb7e2a960c7b602f165c1e3e9e6cd2a727e4586edee4b06953250c4fd?s=100&#038;d=mm&#038;r=g' srcset='https:\/\/secure.gravatar.com\/avatar\/768c0bceb7e2a960c7b602f165c1e3e9e6cd2a727e4586edee4b06953250c4fd?s=200&#038;d=mm&#038;r=g 2x' class='avatar avatar-100 photo' height='100' width='100' \/>\t\t\t\t\t\n<p class=\"wp-block-paragraph\">Omar is a partner and the CTO at Yoast, with a background as both a philosopher and a full-stack web developer. He is also a WordPress committer, working mostly on making WordPress&#8217; build tooling better.<\/p>\n\t\t\t\t<\/div>\n\t\t\t<\/div>\n\n\t\t\n\t\t\t<!-- Organizers note: The id attribute is deprecated and only remains for backwards compatibility, please use the corresponding class to target individual speakers -->\n\t\t\t<div id=\"wcorg-speaker-riccardo-magliocchetti\" class=\"wcorg-speaker wcorg-speaker-riccardo-magliocchetti wcorg-track-sala-2\">\n\t\t\t\t<h2>\n\t\t\t\t\t\n\t\t\t\t\t\t<a href=\"https:\/\/torino.wordcamp.org\/2019\/speaker\/riccardo-magliocchetti\/\">\n\t\t\t\t\t\t\tRiccardo Magliocchetti\t\t\t\t\t\t<\/a>\n\n\t\t\t\t\t\t\t\t\t<\/h2>\n\n\t\t\t\t<div class=\"wcorg-speaker-description\">\n\t\t\t\t\t<img alt='' src='https:\/\/secure.gravatar.com\/avatar\/6c156bd74396bbf61da3a37e9e15be0b1f189e08ae5c15e2c3b9760b795135f8?s=100&#038;d=mm&#038;r=g' srcset='https:\/\/secure.gravatar.com\/avatar\/6c156bd74396bbf61da3a37e9e15be0b1f189e08ae5c15e2c3b9760b795135f8?s=200&#038;d=mm&#038;r=g 2x' class='avatar avatar-100 photo' height='100' width='100' \/>\t\t\t\t\t<p>Per mestiere (ma con piacere) faccio lo sviluppatore; mi interesso di open<br \/>\nsource da una vita e ho contribuito a dozzine di progetti pi\u00f9 o meno popolari.<br \/>\nA Torino co-organizzo Torino Hacknight per convincere le persono che il software<br \/>\nopen source non si scrive da solo e Coding Gym Torino, una palestra per<br \/>\nmigliorare le proprie skill da programmatore.<br \/>\nSono un appassionato di cinema e dovrei leggere di pi\u00f9.<\/p>\n\t\t\t\t<\/div>\n\t\t\t<\/div>\n\n\t\t\n\t\t\t<!-- Organizers note: The id attribute is deprecated and only remains for backwards compatibility, please use the corresponding class to target individual speakers -->\n\t\t\t<div id=\"wcorg-speaker-roberto-pasini\" class=\"wcorg-speaker wcorg-speaker-roberto-pasini wcorg-track-sala-2\">\n\t\t\t\t<h2>\n\t\t\t\t\t\n\t\t\t\t\t\t<a href=\"https:\/\/torino.wordcamp.org\/2019\/speaker\/roberto-pasini\/\">\n\t\t\t\t\t\t\tRoberto Pasini\t\t\t\t\t\t<\/a>\n\n\t\t\t\t\t\t\t\t\t<\/h2>\n\n\t\t\t\t<div class=\"wcorg-speaker-description\">\n\t\t\t\t\t<img alt='' src='https:\/\/secure.gravatar.com\/avatar\/eebfad93b67c117a72b74aad9c77a466c0329c3700553d548ae62aa5f0c62d4b?s=100&#038;d=mm&#038;r=g' srcset='https:\/\/secure.gravatar.com\/avatar\/eebfad93b67c117a72b74aad9c77a466c0329c3700553d548ae62aa5f0c62d4b?s=200&#038;d=mm&#038;r=g 2x' class='avatar avatar-100 photo' height='100' width='100' \/>\t\t\t\t\t\n<p class=\"wp-block-paragraph\">Roberto Pasini fa il grafico e il front-end developer dal &#8217;98. Dopo alcune esperienze in diverse web agency del nord-est, diventa freelance col nome di Kalamun.<br>Nel 2012 si trasferisce a Parigi, dove tutt&#8217;ora vive e lavora. Insegna grafica e data visualization due volte all&#8217;anno per Digital Update, ha scritto un libro sulla brand identity per Zandeg\u00f9.<\/p>\n\t\t\t\t<\/div>\n\t\t\t<\/div>\n\n\t\t\n\t\t\t<!-- Organizers note: The id attribute is deprecated and only remains for backwards compatibility, please use the corresponding class to target individual speakers -->\n\t\t\t<div id=\"wcorg-speaker-rodolfo-melogli\" class=\"wcorg-speaker wcorg-speaker-rodolfo-melogli wcorg-track-sala-1\">\n\t\t\t\t<h2>\n\t\t\t\t\t\n\t\t\t\t\t\t<a href=\"https:\/\/torino.wordcamp.org\/2019\/speaker\/rodolfo-melogli\/\">\n\t\t\t\t\t\t\tRodolfo Melogli\t\t\t\t\t\t<\/a>\n\n\t\t\t\t\t\t\t\t\t<\/h2>\n\n\t\t\t\t<div class=\"wcorg-speaker-description\">\n\t\t\t\t\t<img alt='' src='https:\/\/secure.gravatar.com\/avatar\/cbbf0cc222041021a6065a8056a01352184a1200ea9f63daa130c95939e997ef?s=100&#038;d=mm&#038;r=g' srcset='https:\/\/secure.gravatar.com\/avatar\/cbbf0cc222041021a6065a8056a01352184a1200ea9f63daa130c95939e997ef?s=200&#038;d=mm&#038;r=g 2x' class='avatar avatar-100 photo' height='100' width='100' \/>\t\t\t\t\t<p>Fondatore e manager di BusinessBloomer.com, Rodolfo \u00e8 un esperto di WooCommerce e&#8230; of course, un esperto di freelancing!<\/p>\n<p>Dal 2011 lavora in proprio e nonostante un inizio piuttosto problematico ha finalmente trovato la quadratura del cerchio.<\/p>\n<p>Quando non sogna in PHP o fa colazione col CSS, Rodolfo ama praticare sport, viaggiare e godersi la vita da introverso \ud83d\ude42<\/p>\n\t\t\t\t<\/div>\n\t\t\t<\/div>\n\n\t\t\n\t\t\t<!-- Organizers note: The id attribute is deprecated and only remains for backwards compatibility, please use the corresponding class to target individual speakers -->\n\t\t\t<div id=\"wcorg-speaker-rouzbeh-firouzmand\" class=\"wcorg-speaker wcorg-speaker-rouzbeh-firouzmand wcorg-track-sala-2\">\n\t\t\t\t<h2>\n\t\t\t\t\t\n\t\t\t\t\t\t<a href=\"https:\/\/torino.wordcamp.org\/2019\/speaker\/rouzbeh-firouzmand\/\">\n\t\t\t\t\t\t\tRouzbeh Firouzmand\t\t\t\t\t\t<\/a>\n\n\t\t\t\t\t\t\t\t\t<\/h2>\n\n\t\t\t\t<div class=\"wcorg-speaker-description\">\n\t\t\t\t\t<img alt='' src='https:\/\/secure.gravatar.com\/avatar\/e2ceae5bd96b8debae321b6e0388dcf0aafa0f2658409a5880bd7eb7eea3cca7?s=100&#038;d=mm&#038;r=g' srcset='https:\/\/secure.gravatar.com\/avatar\/e2ceae5bd96b8debae321b6e0388dcf0aafa0f2658409a5880bd7eb7eea3cca7?s=200&#038;d=mm&#038;r=g 2x' class='avatar avatar-100 photo' height='100' width='100' \/>\t\t\t\t\t<p>I am the Co-Founder and CEO of Artbees. Apart from setting forth product strategy, I am still actively involved in marketing, product research, design &amp; development within various teams. The underlying source of my drive and tenacity is to constantly, if not obsessively, humanize our products in order to make them more approachable and intuitive for users.<\/p>\n\t\t\t\t<\/div>\n\t\t\t<\/div>\n\n\t\t\n\t\t\t<!-- Organizers note: The id attribute is deprecated and only remains for backwards compatibility, please use the corresponding class to target individual speakers -->\n\t\t\t<div id=\"wcorg-speaker-tiziano-fogliata\" class=\"wcorg-speaker wcorg-speaker-tiziano-fogliata wcorg-track-sala-1\">\n\t\t\t\t<h2>\n\t\t\t\t\t\n\t\t\t\t\t\t<a href=\"https:\/\/torino.wordcamp.org\/2019\/speaker\/tiziano-fogliata\/\">\n\t\t\t\t\t\t\tTiziano Fogliata\t\t\t\t\t\t<\/a>\n\n\t\t\t\t\t\t\t\t\t<\/h2>\n\n\t\t\t\t<div class=\"wcorg-speaker-description\">\n\t\t\t\t\t<img alt='' src='https:\/\/secure.gravatar.com\/avatar\/10a213fc1c77301a8e46783cde92f32da131779c7ed4585af72691377d8eb2e3?s=100&#038;d=mm&#038;r=g' srcset='https:\/\/secure.gravatar.com\/avatar\/10a213fc1c77301a8e46783cde92f32da131779c7ed4585af72691377d8eb2e3?s=200&#038;d=mm&#038;r=g 2x' class='avatar avatar-100 photo' height='100' width='100' \/>\t\t\t\t\t<p>Ho aperto il mio primo blog con WordPress nel 2004 e da allora non sono pi\u00f9 riuscito a smettere.<br \/>\nMi occupo di consulenza e formazione in ambito WordPress e digital marketing aiutando aziende e professionisti a sfruttare questi strumenti per comunicare, fare business e trovare nuovi clienti. Autore di due libri su WordPress editi da Hoepli.<br \/>\nDal 2015 sono co-organizzatore del WordPress Meetup Brescia.<\/p>\n\t\t\t\t<\/div>\n\t\t\t<\/div>\n\n\t\t\n\t<\/div>\n\n\t\n","protected":false},"excerpt":{"rendered":"","protected":false},"author":14513255,"featured_media":0,"parent":0,"menu_order":0,"comment_status":"closed","ping_status":"closed","template":"template-full-width.php","meta":{"_crdt_document":"","jetpack_post_was_ever_published":false,"footnotes":""},"class_list":["post-8","page","type-page","status-publish","hentry"],"jetpack_sharing_enabled":true,"jetpack_shortlink":"https:\/\/wp.me\/PamRTJ-8","_links":{"self":[{"href":"https:\/\/torino.wordcamp.org\/2019\/wp-json\/wp\/v2\/pages\/8","targetHints":{"allow":["GET"]}}],"collection":[{"href":"https:\/\/torino.wordcamp.org\/2019\/wp-json\/wp\/v2\/pages"}],"about":[{"href":"https:\/\/torino.wordcamp.org\/2019\/wp-json\/wp\/v2\/types\/page"}],"author":[{"embeddable":true,"href":"https:\/\/torino.wordcamp.org\/2019\/wp-json\/wp\/v2\/users\/14513255"}],"replies":[{"embeddable":true,"href":"https:\/\/torino.wordcamp.org\/2019\/wp-json\/wp\/v2\/comments?post=8"}],"version-history":[{"count":2,"href":"https:\/\/torino.wordcamp.org\/2019\/wp-json\/wp\/v2\/pages\/8\/revisions"}],"predecessor-version":[{"id":1562,"href":"https:\/\/torino.wordcamp.org\/2019\/wp-json\/wp\/v2\/pages\/8\/revisions\/1562"}],"wp:attachment":[{"href":"https:\/\/torino.wordcamp.org\/2019\/wp-json\/wp\/v2\/media?parent=8"}],"curies":[{"name":"wp","href":"https:\/\/api.w.org\/{rel}","templated":true}]}}