{"id":9,"date":"2018-10-15T14:35:31","date_gmt":"2018-10-15T14:35:31","guid":{"rendered":"https:\/\/2019.torino.wordcamp.org\/sessions\/"},"modified":"2019-02-27T11:16:19","modified_gmt":"2019-02-27T11:16:19","slug":"sessions","status":"publish","type":"page","link":"https:\/\/torino.wordcamp.org\/2019\/sessions\/","title":{"rendered":"Sessions"},"content":{"rendered":"\n\t<div class=\"wcorg-sessions\">\n\t\t\n\t\t\t<div id=\"wcorg-session-1567\" class=\"wcorg-session\" >\n\t\t\t\t<h2>\n\t\t\t\t\tBack to the future &#8211; The WordPress edition [ENG]\t\t\t\t<\/h2>\n\n\t\t\t\t<div class=\"wcorg-session-description\">\n\t\t\t\t\t\t\t\t\t\t<p class=\"wcpt-session-meta\">Presentato da <a href=\"http:\/\/profiles.wordpress.org\/omarreiss\/\">Omar Reiss<\/a> in Sala 2.<\/p>\t\t\t\t\t\t\t\t\t\t\r\n<p class=\"wp-block-paragraph\">WordPress is changing its minimum required PHP version to 7 this year. This opens WordPress up to the PHP ecosystem. This talk explores how WordPress could benefit from technological advancements and skills present in the PHP ecosystem, while at the same time keeping true to its own philosophies and culture. We will look at standards developed in the PHP ecosystem in the last 10 years and discuss the benefits those could have for WordPress.<\/p>\r\n\n\t\t\t\t\t\t\t\t\t<\/div>\n\t\t\t<\/div>\n\n\t\t\n\t\t\t<div id=\"wcorg-session-1000\" class=\"wcorg-session\" >\n\t\t\t\t<h2>\n\t\t\t\t\tChi ha paura di GitHub? Conosciamolo meglio!\t\t\t\t<\/h2>\n\n\t\t\t\t<div class=\"wcorg-session-description\">\n\t\t\t\t\t\t\t\t\t\t<p class=\"wcpt-session-meta\">Presentato da <a href=\"http:\/\/profiles.wordpress.org\/allegretta92\/\">Giacoma Allegretta<\/a> in Sala 2.<\/p>\t\t\t\t\t\t\t\t\t\t<p>GitHub \u00e8 uno strumento per sviluppatori e, come tale, non \u00e8 di immediata chiarezza nel suo utilizzo. Si pu\u00f2 per\u00f2 rivelare interessante anche ai non-sviluppatori (in particolar modo, alle community) come piattaforma di condivisione documenti.<br \/>\nIl talk ha lo scopo di chiarire le idee su come usare tale strumento, sia da interfaccia che usando alcuni comandi da terminale.<\/p>\n\n\t\t\t\t\t\t\t\t\t<\/div>\n\t\t\t<\/div>\n\n\t\t\n\t\t\t<div id=\"wcorg-session-1058\" class=\"wcorg-session\" >\n\t\t\t\t<h2>\n\t\t\t\t\tCome funziona il Supporto a WordPress in Italia e nel mondo\t\t\t\t<\/h2>\n\n\t\t\t\t<div class=\"wcorg-session-description\">\n\t\t\t\t\t\t\t\t\t\t<p class=\"wcpt-session-meta\">Presentato da <a href=\"http:\/\/profiles.wordpress.org\/cristianozanca\/\">Cristiano Zanca<\/a>.<\/p>\t\t\t\t\t\t\t\t\t\t<p>Come sono organizzati i forum di Supporto a WordPress in Italia e nel mondo, come funzionano, quale sono le politiche condivise, come si gestiscono i topic, come si diffondono le best practice<br \/>\nIl dietro le quinte di un customer care di un software OpenSource con un supporto volontario ma di qualit\u00e0<\/p>\n\n\t\t\t\t\t\t\t\t\t<\/div>\n\t\t\t<\/div>\n\n\t\t\n\t\t\t<div id=\"wcorg-session-1120\" class=\"wcorg-session\" >\n\t\t\t\t<h2>\n\t\t\t\t\tCome Godersi la Vita da Freelance\t\t\t\t<\/h2>\n\n\t\t\t\t<div class=\"wcorg-session-description\">\n\t\t\t\t\t\t\t\t\t\t<p class=\"wcpt-session-meta\">Presentato da <a href=\"http:\/\/profiles.wordpress.org\/businessbloomer\/\">Rodolfo Melogli<\/a>.<\/p>\t\t\t\t\t\t\t\t\t\t<p>Niente boss. Flessibilit\u00e0. Indipendenza. Responsabilit\u00e0.<\/p>\n<p>Ma fare il freelance non \u00e8 facile. E a volte le complicazioni ci fanno odiare il lavoro pi\u00f9 bello del mondo.<\/p>\n<p>Good news: siamo in tantissimi. E ce ne sono molti, nel mondo WordPress, che hanno trovato il proprio equilibrio.<\/p>\n<p>In questo talk, daremo un&#8217;occhiata agli ostacoli e problemi principali del freelancing, per poi trovare facili soluzioni (produttivit\u00e0, goal setting, vendite, marketing).<\/p>\n<p>Scopo: rivalutare il freelancing e farti sentire meglio, pi\u00f9 carica\/o e felice. Se io mi diverto, puoi farlo anche tu.<\/p>\n\n\t\t\t\t\t\t\t\t\t<\/div>\n\t\t\t<\/div>\n\n\t\t\n\t\t\t<div id=\"wcorg-session-1068\" class=\"wcorg-session\" >\n\t\t\t\t<h2>\n\t\t\t\t\tDiritto all&#8217;oblio: il lusso di non farsi trovare\t\t\t\t<\/h2>\n\n\t\t\t\t<div class=\"wcorg-session-description\">\n\t\t\t\t\t\t\t\t\t\t<p class=\"wcpt-session-meta\">Presentato da Francesco Arrighetti, <a href=\"http:\/\/profiles.wordpress.org\/lauraventurini\/\">Laura Venturini<\/a>, <a href=\"http:\/\/profiles.wordpress.org\/alessandrovercellotti\/\">Alessandro Vercellotti<\/a> in Sala 1.<\/p>\t\t\t\t\t\t\t\t\t\t<p>Tre esperti discutono di diritto all&#8217;oblio da tre punti di vista: legale, web reputation, SEO.<br \/>\nNon farsi trovare non \u00e8 solo un &#8220;lusso&#8221; ma \u00e8 un diritto di ogni cittadino europeo.<br \/>\nMa cos&#8217;\u00e8 il diritto all&#8217;oblio? A cosa serve? Quando e come posso sparire da Google o dai social? Cosa devo fare se viene richiesta la rimozione di un link sul mio sito?<\/p>\n<p>Ne parlano Francesco Arrighetti (Web Reputation Manager), Alessandro Vercellotti (Avvocato del digitale), Laura Venturini (Consulente SEO).<\/p>\n\n\t\t\t\t\t\t\t\t\t<\/div>\n\t\t\t<\/div>\n\n\t\t\n\t\t\t<div id=\"wcorg-session-1282\" class=\"wcorg-session\" >\n\t\t\t\t<h2>\n\t\t\t\t\tDiversit\u00e0 e inclusione, pregiudizi espliciti e impliciti\t\t\t\t<\/h2>\n\n\t\t\t\t<div class=\"wcorg-session-description\">\n\t\t\t\t\t\t\t\t\t\t<p class=\"wcpt-session-meta\">Presentato da <a href=\"http:\/\/profiles.wordpress.org\/epanto\/\">Eleonora Pant\u00f2<\/a>.<\/p>\t\t\t\t\t\t\t\t\t\t<p>Cosa vuol dire essere &#8220;color brave&#8221;? Cosa sono i pregiudizi impliciti o inconsci? Come si collegano questi concetti con le competenze del futuro? e con il cyberbullismo?<\/p>\n\n\t\t\t\t\t\t\t\t\t<\/div>\n\t\t\t<\/div>\n\n\t\t\n\t\t\t<div id=\"wcorg-session-1212\" class=\"wcorg-session\" >\n\t\t\t\t<h2>\n\t\t\t\t\tFrom Cache to Ca$h: utilizzi avanzati della WP Cache\t\t\t\t<\/h2>\n\n\t\t\t\t<div class=\"wcorg-session-description\">\n\t\t\t\t\t\t\t\t\t\t<p class=\"wcpt-session-meta\">Presentato da <a href=\"http:\/\/profiles.wordpress.org\/cardy_web\/\">Andrea Cardinali<\/a> in Sala 3.<\/p>\t\t\t\t\t\t\t\t\t\t\n<p class=\"wp-block-paragraph\">Sapevi che WordPress dispone gi\u00e0 di un meccanismo di caching nativo e che ha molteplici utilizzi?<\/p>\n\n\n\n<p class=\"wp-block-paragraph\">In questo speech mostrer\u00f2 come utilizzare i diversi meccanismi di caching offerti da WordPress per rendere un sito resiliente e performante anche in condizioni di altro traffico e in grado di generare maggiori profitti.<\/p>\n\n\t\t\t\t\t\t\t\t\t<\/div>\n\t\t\t<\/div>\n\n\t\t\n\t\t\t<div id=\"wcorg-session-979\" class=\"wcorg-session\" >\n\t\t\t\t<h2>\n\t\t\t\t\tGDPR per il marketing online\t\t\t\t<\/h2>\n\n\t\t\t\t<div class=\"wcorg-session-description\">\n\t\t\t\t\t\t\t\t\t\t<p class=\"wcpt-session-meta\">Presentato da <a href=\"http:\/\/profiles.wordpress.org\/federicadestefani\/\">Federica De Stefani<\/a> in Sala 1.<\/p>\t\t\t\t\t\t\t\t\t\t\n<p class=\"wp-block-paragraph\">Il GDPR ha portato diverse novit\u00e0 nell&#8217;ambito dei siti web e dell&#8217;utilizzo dei dati personali anche online.<br>Per questo motivo chiunque gestisce un sito, che sia solo per hobby o per la promozione del proprio business non importa, deve adeguare le attivit\u00e0 che compie online alla nuova normativa.<br>In molti credono che per mettere a norma un sito web sia sufficiente redigere un&#8217;informativa da pubblicare in una sezione apposita del sito, ma purtroppo cos\u00ec non \u00e8.<br>Durante l&#8217;intervento si analizzeranno quindi tutti gli aspetti di criticit\u00e0 che attengono al corretto adeguamento di un sito al GDPR:<\/p>\n\n\n\n<ul class=\"wp-block-list\"><li>Banner relativo all&#8217;utilizzo dei cookie (quando e perch\u00e9 \u00e8 indispensabile, come deve essere costruito e quali opzioni deve fornire agli utenti)<\/li><li>Informativa (che cos&#8217;\u00e8, quante informative inserire in un sito, dove inserirle e come costruirle)<\/li><li>Acquisizione del consenso (come deve essere acquisito il consenso e per cosa)<\/li><li>Adempimenti legati all&#8217;acquisizione e conservazione del consenso (adempimenti espressamente previsti dal GDPR in caso di trattamento dei dati personali) e soggetti obbligati<\/li><li>Analisi dei cookie, pixel e relativa profilazione.<\/li><\/ul>\n\n\n\n<p class=\"wp-block-paragraph\">&nbsp;<\/p>\n\n\t\t\t\t\t\t\t\t\t<\/div>\n\t\t\t<\/div>\n\n\t\t\n\t\t\t<div id=\"wcorg-session-1237\" class=\"wcorg-session\" >\n\t\t\t\t<h2>\n\t\t\t\t\tGoing GPL. What happens when a theme with 100K users goes GPL! [ENG]\t\t\t\t<\/h2>\n\n\t\t\t\t<div class=\"wcorg-session-description\">\n\t\t\t\t\t\t\t\t\t\t<p class=\"wcpt-session-meta\">Presentato da <a href=\"http:\/\/profiles.wordpress.org\/rouzfir\/\">Rouzbeh Firouzmand<\/a>.<\/p>\t\t\t\t\t\t\t\t\t\t<p>I\u2019m going to share the story of a premium WordPress theme from Themeforest with 100K customers that decided to change its license to full GPL after 5 years. As the CEO of my company I had to be aware of business implications and risks attached to such a decision. Before making this decision at Artbees we were very much concerned about the impact this will have on our sales, our brand and the future of the theme. After a short introduction of GPL license, I will explain the results of this decision, steps we took to execute the relicensing process, market\u2019s reaction to it and if it was rewarding or unrewarding and finally the state of my company and our theme after going GPL.<\/p>\n\n\t\t\t\t\t\t\t\t\t<\/div>\n\t\t\t<\/div>\n\n\t\t\n\t\t\t<div id=\"wcorg-session-836\" class=\"wcorg-session\" >\n\t\t\t\t<h2>\n\t\t\t\t\tHerding cats and flying pigs: Building the Automattic Design Awards&#8217; &#8220;Best Site&#8221; [ENG]\t\t\t\t<\/h2>\n\n\t\t\t\t<div class=\"wcorg-session-description\">\n\t\t\t\t\t\t\t\t\t\t<p class=\"wcpt-session-meta\">Presentato da <a href=\"http:\/\/profiles.wordpress.org\/lucp\/\">Luc Princen<\/a> in Sala 2.<\/p>\t\t\t\t\t\t\t\t\t\t<p>We&#8217;d been working for a few months, the deadline was super-ambitious, the project was huge and there were three of us. We were working with an unfinished version of Gutenberg and fixing stuff as we went. Not the ideal situation for a project, amiright?<\/p>\n<p>Well, after a month online we were very proud to receive the Automattic design award for &#8220;Best Site&#8221; for our project kit.nl. In this talk I&#8217;m going to tell you all about it&#8217;s creation, it&#8217;s challenges and the techniques used to wrangle up Gutenberg for such a big project.<\/p>\n\n\t\t\t\t\t\t\t\t\t<\/div>\n\t\t\t<\/div>\n\n\t\t\n\t\t\t<div id=\"wcorg-session-1229\" class=\"wcorg-session\" >\n\t\t\t\t<h2>\n\t\t\t\t\tHow to Build a Successful and Meaningful Partnership [ENG]\t\t\t\t<\/h2>\n\n\t\t\t\t<div class=\"wcorg-session-description\">\n\t\t\t\t\t\t\t\t\t\t<p class=\"wcpt-session-meta\">Presentato da <a href=\"http:\/\/profiles.wordpress.org\/katerinaang\/\">Katerina Angelova<\/a> in Sala 1.<\/p>\t\t\t\t\t\t\t\t\t\t<p>The WordPress community is built on human relationships. In the context of business, nothing that lasts was ever built by a single person. In the same way people connect with other people and develop networks, small companies can interact with larger organisations in a strategic way to build strong mutually beneficial partnerships. Creating these relations requires time, effort and understanding. However a lot of people struggle when it comes to contacting, developing and creating a connection with other entrepreneurs or large companies. Thankfully, there are steps you can follow to approach a potential partner and write enticing emails and proposals that will immediately get their attention and bring you the desired results. As a Partnerships Manager at SiteGround, I develop relations like these and I will share practical tips and guidelines to help you express the benefits of a mutual partnership and expand them into a successful collaboration.<\/p>\n\n\t\t\t\t\t\t\t\t\t<\/div>\n\t\t\t<\/div>\n\n\t\t\n\t\t\t<div id=\"wcorg-session-1240\" class=\"wcorg-session\" >\n\t\t\t\t<h2>\n\t\t\t\t\tI wanna be a WP dev\t\t\t\t<\/h2>\n\n\t\t\t\t<div class=\"wcorg-session-description\">\n\t\t\t\t\t\t\t\t\t\t<p class=\"wcpt-session-meta\">Presentato da <a href=\"http:\/\/profiles.wordpress.org\/pankairos\/\">Alessandra Cannat\u00e0<\/a> in Sala 2.<\/p>\t\t\t\t\t\t\t\t\t\t<p>Dopo anni di esperienza come sviluppatrice questa \u00e8 una sintesi dei punti chiave che caratterizzano il lavoro di developer con WordPress.<\/p>\n<p>Dall&#8217;organizzazione del lavoro in team ai test, alla definizione di un completo ambiente di sviluppo agli strumenti per definire il toolset da usare nella realizzazione in ogni progetto.<br \/>\nUn talk per gli aspiranti developer WordPress e per chi, anche se ha gi\u00e0 un&#8217;esperienza consolidata, vuole cercare punti di riferimento per l&#8217;organizzazione del proprio lavoro.<\/p>\n\n\t\t\t\t\t\t\t\t\t<\/div>\n\t\t\t<\/div>\n\n\t\t\n\t\t\t<div id=\"wcorg-session-833\" class=\"wcorg-session\" >\n\t\t\t\t<h2>\n\t\t\t\t\tLe persone prima che i clienti, o di come un webmaster salver\u00e0 il mondo\t\t\t\t<\/h2>\n\n\t\t\t\t<div class=\"wcorg-session-description\">\n\t\t\t\t\t\t\t\t\t\t<p class=\"wcpt-session-meta\">Presentato da <a href=\"http:\/\/profiles.wordpress.org\/narses\/\">Marco Narzisi<\/a>.<\/p>\t\t\t\t\t\t\t\t\t\t<p>Siamo persone, prima che professionisti, e con persone, prima ancora che con clienti, abbiamo a che fare. E lavorando per le persone, possiamo dare un nostro piccolo contributo a rendere migliore la vita del prossimo. Racconter\u00f2 delle mie esperienze con il mondo del no profit, ovvero di come un umile webmaster cerca di salvare il mondo, a modo suo.<\/p>\n\n\t\t\t\t\t\t\t\t\t<\/div>\n\t\t\t<\/div>\n\n\t\t\n\t\t\t<div id=\"wcorg-session-1784\" class=\"wcorg-session\" >\n\t\t\t\t<h2>\n\t\t\t\t\tLightning Talk &#8211; Inspirational\t\t\t\t<\/h2>\n\n\t\t\t\t<div class=\"wcorg-session-description\">\n\t\t\t\t\t\t\t\t\t\t<p class=\"wcpt-session-meta\">Presentato da <a href=\"http:\/\/profiles.wordpress.org\/narses\/\">Marco Narzisi<\/a>, <a href=\"http:\/\/profiles.wordpress.org\/epanto\/\">Eleonora Pant\u00f2<\/a>, <a href=\"http:\/\/profiles.wordpress.org\/marconatoerika\/\">Erika Marconato<\/a> in Sala 1.<\/p>\t\t\t\t\t\t\t\t\t\t\n\t\t\t\t\t\t\t\t\t<\/div>\n\t\t\t<\/div>\n\n\t\t\n\t\t\t<div id=\"wcorg-session-1795\" class=\"wcorg-session\" >\n\t\t\t\t<h2>\n\t\t\t\t\tLightning talks: freelancing and side projects\t\t\t\t<\/h2>\n\n\t\t\t\t<div class=\"wcorg-session-description\">\n\t\t\t\t\t\t\t\t\t\t<p class=\"wcpt-session-meta\">Presentato da <a href=\"http:\/\/profiles.wordpress.org\/businessbloomer\/\">Rodolfo Melogli<\/a>, <a href=\"http:\/\/profiles.wordpress.org\/danuccia\/\">Dana Donato<\/a>, <a href=\"http:\/\/profiles.wordpress.org\/nadiapanato\/\">Nadia Panato<\/a> in Sala 1.<\/p>\t\t\t\t\t\t\t\t\t\t\n\t\t\t\t\t\t\t\t\t<\/div>\n\t\t\t<\/div>\n\n\t\t\n\t\t\t<div id=\"wcorg-session-1798\" class=\"wcorg-session\" >\n\t\t\t\t<h2>\n\t\t\t\t\tLightning Talks: Open Source and GPL\t\t\t\t<\/h2>\n\n\t\t\t\t<div class=\"wcorg-session-description\">\n\t\t\t\t\t\t\t\t\t\t<p class=\"wcpt-session-meta\">Presentato da <a href=\"http:\/\/profiles.wordpress.org\/cristianozanca\/\">Cristiano Zanca<\/a>, <a href=\"http:\/\/profiles.wordpress.org\/xrmx\/\">Riccardo Magliocchetti<\/a>, <a href=\"http:\/\/profiles.wordpress.org\/rouzfir\/\">Rouzbeh Firouzmand<\/a> in Sala 2.<\/p>\t\t\t\t\t\t\t\t\t\t\n\t\t\t\t\t\t\t\t\t<\/div>\n\t\t\t<\/div>\n\n\t\t\n\t\t\t<div id=\"wcorg-session-1156\" class=\"wcorg-session\" >\n\t\t\t\t<h2>\n\t\t\t\t\tMarketing Automation e WordPress per blogger,  professionisti e piccole imprese\t\t\t\t<\/h2>\n\n\t\t\t\t<div class=\"wcorg-session-description\">\n\t\t\t\t\t\t\t\t\t\t<p class=\"wcpt-session-meta\">Presentato da <a href=\"http:\/\/profiles.wordpress.org\/tixx\/\">Tiziano Fogliata<\/a> in Sala 1.<\/p>\t\t\t\t\t\t\t\t\t\t<p>Come sfruttare il proprio sito WordPress e integrare servizi esterni per automatizzare e rendere pi\u00f9 efficaci le proprie attivit\u00e0 di marketing. Nel corso della sessione si parler\u00e0 di strumenti, consigli e strategie da mettere in pratica per sfruttare al meglio ogni singola visita che arriva sul tuo sito, coltivando e rendendo sempre pi\u00f9 forti le relazioni col tuo pubblico.<\/p>\n\n\t\t\t\t\t\t\t\t\t<\/div>\n\t\t\t<\/div>\n\n\t\t\n\t\t\t<div id=\"wcorg-session-1272\" class=\"wcorg-session\" >\n\t\t\t\t<h2>\n\t\t\t\t\tNo more thumbnails!\t\t\t\t<\/h2>\n\n\t\t\t\t<div class=\"wcorg-session-description\">\n\t\t\t\t\t\t\t\t\t\t<p class=\"wcpt-session-meta\">Presentato da <a href=\"http:\/\/profiles.wordpress.org\/enricosorcinelli\/\">Enrico Sorcinelli<\/a> in Sala 3.<\/p>\t\t\t\t\t\t\t\t\t\t<p>Come configurare e utilizzare NGINX per ridimensionare, ritagliare e convertire on-the-fly tutte le immagini del CMS evitando di creare ogni volta thumbnail e occupare inutile spazio!<\/p>\n\n\t\t\t\t\t\t\t\t\t<\/div>\n\t\t\t<\/div>\n\n\t\t\n\t\t\t<div id=\"wcorg-session-870\" class=\"wcorg-session\" >\n\t\t\t\t<h2>\n\t\t\t\t\tPerch\u00e9 WordPress \u00e8 un CMS\t\t\t\t<\/h2>\n\n\t\t\t\t<div class=\"wcorg-session-description\">\n\t\t\t\t\t\t\t\t\t\t<p class=\"wcpt-session-meta\">Presentato da <a href=\"http:\/\/profiles.wordpress.org\/veleno\/\">Carlo Daniele<\/a> in Sala 2.<\/p>\t\t\t\t\t\t\t\t\t\t<p>Custom post types, custom fields, custom taxonomies, custom menus&#8230; Come estendere WordPress all&#8217;infinito.<\/p>\n<div class=\"gs\">\n<div class=\"\">\n<div id=\":yg\" class=\"ii gt adO\">\n<div id=\":yf\" class=\"a3s aXjCH \">\n<div dir=\"ltr\">\n<div dir=\"ltr\">\n<div>1. Introduzione all\u2019architettura predefinita di WordPress<br \/>\n\u2013 Tipi di post<br \/>\n\u2013 Categorie, tag e tassonomie<br \/>\n&#8211; Custom field e metadati<\/div>\n<div>2. La personalizzazione dell\u2019architettura<\/div>\n<div>3. I Custom post types<br \/>\n\u2013 Cosa sono e a cosa servono<br \/>\n\u2013 Come si attivano<br \/>\n\u2013 Come si visualizzano<br \/>\n\u2013 Gestione dei CPT da codice<br \/>\n\u2013 Gestione dei CPT con il plugin CPT-UI<\/div>\n<div>4. Le Custom Taxonomies<br \/>\n\u2013 Cosa sono e a cosa servono<br \/>\n\u2013 Come si attivano<br \/>\n\u2013 Come si visualizzano<br \/>\n\u2013 Gestione delle CT da codice<br \/>\n\u2013 Gestione delle CT con il plugin CPT-UI<\/div>\n<div>5. I Custom Fields<br \/>\n\u2013 Cosa sono e a cosa servono<br \/>\n\u2013 Come si visualizzano<br \/>\n\u2013 Gestione dei CF da codice<br \/>\n\u2013 Gestione dei CF con il plugin ACF<\/div>\n<div>6. Wrapping-up: mettiamo tutto insieme in un semplice progetto concreto<\/div>\n<\/div>\n<\/div>\n<\/div>\n<\/div>\n<\/div>\n<\/div>\n\n\t\t\t\t\t\t\t\t\t<\/div>\n\t\t\t<\/div>\n\n\t\t\n\t\t\t<div id=\"wcorg-session-1256\" class=\"wcorg-session\" >\n\t\t\t\t<h2>\n\t\t\t\t\tPianificazione: il cuore e l\u2019anima di ogni progetto di successo\t\t\t\t<\/h2>\n\n\t\t\t\t<div class=\"wcorg-session-description\">\n\t\t\t\t\t\t\t\t\t\t<p class=\"wcpt-session-meta\">Presentato da <a href=\"http:\/\/profiles.wordpress.org\/nandopappalardo\/\">Nando Pappalardo<\/a> in Sala 1.<\/p>\t\t\t\t\t\t\t\t\t\t<p>C\u2019\u00e8 un aspetto molto importante che viene spesso ignorato o sottovalutato da chi si appresta a lanciare un nuovo progetto o attivit\u00e0. Parliamo della pianificazione, l\u2019attivit\u00e0 strategica che serve a tracciare la rotta e a definire i passaggi fondamentali che porteranno al raggiungimento degli obiettivi stabiliti.<\/p>\n\n\t\t\t\t\t\t\t\t\t<\/div>\n\t\t\t<\/div>\n\n\t\t\n\t\t\t<div id=\"wcorg-session-1433\" class=\"wcorg-session\" >\n\t\t\t\t<h2>\n\t\t\t\t\tPrejudices, women and diversity [ENG]\t\t\t\t<\/h2>\n\n\t\t\t\t<div class=\"wcorg-session-description\">\n\t\t\t\t\t\t\t\t\t\t<p class=\"wcpt-session-meta\">Presentato da <a href=\"http:\/\/profiles.wordpress.org\/mariekerakt\/\">Marieke van de Rakt<\/a> in Sala 1.<\/p>\t\t\t\t\t\t\t\t\t\t\r\n<p class=\"wp-block-paragraph\">Everybody uses stereotypes and prejudices. They help people to make sense of the world. That being said, prejudice is the enemy of equality and inclusion.In this talk in will talk about how prejudice affects women. I will look into women in general, but also zoom in to women in the tech industry and women in WordPress. I will explain the origin of prejudice from a sociological perspective and I\u2019ll talk about the consequences \u00a0of prejudices against women in our present day western society and in the WordPress ecosystem. To conclude, I will try to offer some solutions to overcome prejudice and to try to make our society a more equal and inclusive place. I promise, there will be jokes too!<\/p>\r\n\n\t\t\t\t\t\t\t\t\t<\/div>\n\t\t\t<\/div>\n\n\t\t\n\t\t\t<div id=\"wcorg-session-988\" class=\"wcorg-session\" >\n\t\t\t\t<h2>\n\t\t\t\t\tQuello che ti hanno detto sulla programmazione a oggetti \u00e8 sbagliato\t\t\t\t<\/h2>\n\n\t\t\t\t<div class=\"wcorg-session-description\">\n\t\t\t\t\t\t\t\t\t\t<p class=\"wcpt-session-meta\">Presentato da <a href=\"http:\/\/profiles.wordpress.org\/giuseppemazzapica-1\/\">Giuseppe Mazzapica<\/a> in Sala 3.<\/p>\t\t\t\t\t\t\t\t\t\t<p>Alan Kay ha inventato il termine &#8220;object oriented&#8221; verso la fine degli anni &#8217;60, ma l&#8217;idea che egli aveva di quel termine \u00e8 molto diversa da quello che la gente oggi definisce &#8220;OOP&#8221;. Una manciata di storia e un pizzico di filosofia sono gli ingredienti di questa conversazione su un paradigma di programmazione che presenta idee controverse e innovative&#8230; vecchie 50 anni.<\/p>\n\n\t\t\t\t\t\t\t\t\t<\/div>\n\t\t\t<\/div>\n\n\t\t\n\t\t\t<div id=\"wcorg-session-1244\" class=\"wcorg-session\" >\n\t\t\t\t<h2>\n\t\t\t\t\tRiprogettare siti complessi: tre casi di studio\t\t\t\t<\/h2>\n\n\t\t\t\t<div class=\"wcorg-session-description\">\n\t\t\t\t\t\t\t\t\t\t<p class=\"wcpt-session-meta\">Presentato da <a href=\"http:\/\/profiles.wordpress.org\/kalamun\/\">Roberto Pasini<\/a>, <a href=\"http:\/\/profiles.wordpress.org\/alebegoli\/\">Alessandra Farabegoli<\/a> in Sala 2.<\/p>\t\t\t\t\t\t\t\t\t\t<p>Riprogettare siti con una storia e tanti contenuti al loro interno \u00e8 una sfida non banale, soprattutto quando \u00e8 necessario personalizzare in modo spinto le funzionalit\u00e0 e non basta installare l&#8217;ennesimo plugin.<br \/>\nPresenteremo tre casi a cui abbiamo lavorato insieme, e nei quali abbiamo sperimentato come organizzare in modo razionale i contenuti facilita il lavoro non solo per l&#8217;oggi, ma anche per il futuro.<\/p>\n\n\t\t\t\t\t\t\t\t\t<\/div>\n\t\t\t<\/div>\n\n\t\t\n\t\t\t<div id=\"wcorg-session-1163\" class=\"wcorg-session\" >\n\t\t\t\t<h2>\n\t\t\t\t\tScegliere il tema giusto per un blog multiautore e multilingue (un case study)\t\t\t\t<\/h2>\n\n\t\t\t\t<div class=\"wcorg-session-description\">\n\t\t\t\t\t\t\t\t\t\t<p class=\"wcpt-session-meta\">Presentato da <a href=\"http:\/\/profiles.wordpress.org\/danuccia\/\">Dana Donato<\/a>.<\/p>\t\t\t\t\t\t\t\t\t\t<p>Estate 2015: nasce \u201cViaggio da sola perch\u00e9\u201d un progetto dedicato alle donne che viaggiano da sole. Ho progettato e costruito il sito in meno di un mese, con poca esperienza di WordPress alle spalle, nessun feedback da analizzare, solo due esigenze: doveva essere multiautore e multilingue.<\/p>\n<p>Estate 2018: tre anni dopo il progetto \u00e8 cresciuto e si \u00e8 evoluto. Alle sue spalle ha una community di pi\u00f9 di 10.000 iscritte al gruppo Facebook, da 2 autrici \u00e8 passato ad averne 18, alcune delle cose che funzionavano 3 anni prima adesso non funzionano pi\u00f9. Regna il caos tra il men\u00f9 e tra i plugin. \u00c8 necessario un restyle.<\/p>\n<p>Adesso ho l\u2019esperienza nella progettazione di siti web con WordPress, la possibilit\u00e0 di parlare con una community che pu\u00f2 darmi feedback reali e importanti, una visione pi\u00f9 chiara del futuro del progetto e anche di ci\u00f2 che non funziona pi\u00f9 e che quindi devo lasciare andare.<\/p>\n<p>Questo \u00e8 il case study di come ho scelto il tema per Viaggio da sola perch\u00e9 &#8211; progetto articolato, blog multiautore e multilingue &#8211; secondo caratteristiche specifiche, esigenze dettate dalla complessit\u00e0 del progetto, dalle evoluzioni future e dalle richieste del pubblico. Quali compromessi ho dovuto fare, a cosa ho dovuto rinunciare e come ho trovato la soluzione a queste rinunce per scegliere il tema pi\u00f9 adatto alle esigenze del progetto, sia presenti che future.<\/p>\n\n\t\t\t\t\t\t\t\t\t<\/div>\n\t\t\t<\/div>\n\n\t\t\n\t\t\t<div id=\"wcorg-session-1222\" class=\"wcorg-session\" >\n\t\t\t\t<h2>\n\t\t\t\t\tSpazi che comunicano, per lavorare e presentarsi al meglio\t\t\t\t<\/h2>\n\n\t\t\t\t<div class=\"wcorg-session-description\">\n\t\t\t\t\t\t\t\t\t\t<p class=\"wcpt-session-meta\">Presentato da <a href=\"http:\/\/profiles.wordpress.org\/nadiapanato\/\">Nadia Panato<\/a>.<\/p>\t\t\t\t\t\t\t\t\t\t<p>Non serve essere interior designer per crearsi uno spazio di lavoro confortevole e ben progettato, capace di aumentare la produttivit\u00e0, il benessere e allo stesso tempo comunicare chi siamo e come lavoriamo.<br \/>\nQualche spunto con immagini, ispirazioni, sprazzi creativi e buon senso per progettare uno spazio di lavoro accogliente per noi, il nostro team e i nostri clienti.<\/p>\n\n\t\t\t\t\t\t\t\t\t<\/div>\n\t\t\t<\/div>\n\n\t\t\n\t\t\t<div id=\"wcorg-session-904\" class=\"wcorg-session\" >\n\t\t\t\t<h2>\n\t\t\t\t\tTFW your country funds Open Source development\t\t\t\t<\/h2>\n\n\t\t\t\t<div class=\"wcorg-session-description\">\n\t\t\t\t\t\t\t\t\t\t<p class=\"wcpt-session-meta\">Presentato da <a href=\"http:\/\/profiles.wordpress.org\/xrmx\/\">Riccardo Magliocchetti<\/a>.<\/p>\t\t\t\t\t\t\t\t\t\t<p>During 2018 I&#8217;ve been a contractor for the Italian Digital Transformation Team working on docs.italia.it (Docs Italia), an Open Source platform to collect and share the Public Administration documentation based on Read The Docs (readthedocs.org).<\/p>\n<p>In this talk I&#8217;ll share how we managed to deliver value while still contributing to an Open Source community.<\/p>\n\n\t\t\t\t\t\t\t\t\t<\/div>\n\t\t\t<\/div>\n\n\t\t\n\t\t\t<div id=\"wcorg-session-1166\" class=\"wcorg-session\" >\n\t\t\t\t<h2>\n\t\t\t\t\tUna donna in tech, io?\t\t\t\t<\/h2>\n\n\t\t\t\t<div class=\"wcorg-session-description\">\n\t\t\t\t\t\t\t\t\t\t<p class=\"wcpt-session-meta\">Presentato da <a href=\"http:\/\/profiles.wordpress.org\/marconatoerika\/\">Erika Marconato<\/a>.<\/p>\t\t\t\t\t\t\t\t\t\t<p>Ma non programmo!<br \/>\nMi occupo solo di comunicazione\u2026<br \/>\nFidati, non sono una donna in tech!<br \/>\nLe persone \u201cin tech\u201d sono un\u2019altra cosa: programmatori back-end, maghi del codice, pythonisti e draghi di GitHub. Tu, abbinata alle parole \u201cin tech\u201d, proprio non ti ci vedi e, qualche volta, una di quelle frasi l\u2019hai detta anche tu. Quello che fai tu non \u00e8 \u201cin tech\u201d&#8230;<\/p>\n<p>Sbagliato!<\/p>\n<p>In questo talk ti voglio raccontare come io, grazie ad un progetto comunicativo sul civic hacking, ho scoperto di non essere solo un\u2019umanista convinta, ma di avere anche un posto tra le donne in tech, nonostante mastichi a malapena un po\u2019 di HTML.<\/p>\n<p>Oltre alla mia personale esperienza, ti insegner\u00f2:<br \/>\n&#8211; cos\u2019\u00e8 il civic hacking,<br \/>\n&#8211; chi \u00e8 Jennifer Pahlka e perch\u00e9 \u00e8 una donna in tech (Spoiler alert: non dipende solo da Code for America),<br \/>\n&#8211; perch\u00e9 data journalist, persone che si occupano di comunicazione e altri tipi di umanisti sono comunque \u201cin tech\u201d, anche se non sanno programmare.<\/p>\n\n\t\t\t\t\t\t\t\t\t<\/div>\n\t\t\t<\/div>\n\n\t\t\n\t\t\t<div id=\"wcorg-session-1805\" class=\"wcorg-session\" >\n\t\t\t\t<h2>\n\t\t\t\t\tWordPress Hardening: 10 consigli per migliorare la qualit\u00e0 del nostro sonno\t\t\t\t<\/h2>\n\n\t\t\t\t<div class=\"wcorg-session-description\">\n\t\t\t\t\t\t\t\t\t\t<p class=\"wcpt-session-meta\">Presentato da <a href=\"http:\/\/profiles.wordpress.org\/miziomon\/\">Maurizio Pelizzone<\/a> in Sala 2.<\/p>\t\t\t\t\t\t\t\t\t\t\n<p class=\"wp-block-paragraph\">La sicurezza in WordPress rappresenta un problema che spesso viene sottovalutato ed anche quando si \u00e8 attenti nella gestione degli aggiornamenti a volte c&#8217;\u00e8 rischio che il nostro sito venga compromesso.<br><\/p>\n\n\n\n<p class=\"wp-block-paragraph\">Nel talk vengono presentati alcune \u201cbest practices\u201d che ogni sviluppatore dovrebbe almeno conoscere ed alcuni rimedi semplici e veloci per poter limitare la \u201csuperficie di attacco\u201d e nel peggiore delle ipotesi ripristinare un backup.<\/p>\n\n\t\t\t\t\t\t\t\t\t<\/div>\n\t\t\t<\/div>\n\n\t\t\n\t\t\t<div id=\"wcorg-session-1033\" class=\"wcorg-session\" >\n\t\t\t\t<h2>\n\t\t\t\t\tWorkshop: Pimp your content (90 minuti)\t\t\t\t<\/h2>\n\n\t\t\t\t<div class=\"wcorg-session-description\">\n\t\t\t\t\t\t\t\t\t\t<p class=\"wcpt-session-meta\">Presentato da <a href=\"http:\/\/profiles.wordpress.org\/mammafelice\/\">Barbara Damiano<\/a> in Sala 1.<\/p>\t\t\t\t\t\t\t\t\t\t\n<p class=\"wp-block-paragraph\">Come potenziare i propri contenuti, affinch\u00e9 risultino completi, autorevoli, piacevoli e interattivi.<br>Obiettivo: trattenere i lettori il pi\u00f9 a lungo possibile su ciascun articolo.<\/p>\n\n\n\n<ol class=\"wp-block-list\"><li>Ogni post \u00e8 una homepage: rivedere men\u00f9, categoria, related post e footer in questa ottica<\/li><li>Abbiamo imparato a scrivere contenuti SEO scritti bene, ma adesso aggiungiamo nuovi elementi interattivi:<\/li><li><\/li><\/ol>\n\n\n\n<ul class=\"wp-block-list\"><li>Inserire foto con scritte;<br><\/li><li>Inserire grafiche con canva;<br><\/li><li>Inserire le fonti &#8211;&gt; autorevolezza per Google;<br><\/li><li>Girare e inserire video;<br><\/li><li>Registrare e inserire podcast;<br><\/li><li>Inserire indice nei post<br><\/li><li>Scegliere i Plugin WP per twittare le frasi contenute nel post o per le condivisioni social;<br><\/li><li>Come utilizzare le affiliazioni;<br><\/li><li>Creare sondaggi.<\/li><\/ul>\n\n\n\n<p class=\"wp-block-paragraph\"><strong>Durata 1h30<\/strong><\/p>\n\n\t\t\t\t\t\t\t\t\t<\/div>\n\t\t\t<\/div>\n\n\t\t\n\t\t\t<div id=\"wcorg-session-1062\" class=\"wcorg-session\" >\n\t\t\t\t<h2>\n\t\t\t\t\tWorkshop: Sviluppo dei blocchi di Gutenberg per programmatori senza tempo  (90 minuti)\t\t\t\t<\/h2>\n\n\t\t\t\t<div class=\"wcorg-session-description\">\n\t\t\t\t\t\t\t\t\t\t<p class=\"wcpt-session-meta\">Presentato da <a href=\"http:\/\/profiles.wordpress.org\/mgelves\/\">Mauricio Gelves<\/a> in Sala 2.<\/p>\t\t\t\t\t\t\t\t\t\t<p>Le mie preghiere sono state ascoltate. Sapevo che prima o poi la Comunit\u00e0 di WordPress avrebbe creato un software per facilitare lo sviluppo dei blocchi di Gutenberg. Elliot Condon e il suo team di sviluppatori, del riconosciuto plugin ACF, furono i responsabili di questo miracolo che mi ha risparmiato decine e decine di ore (e soldi) nei miei progetti.<\/p>\n<p>Avvicinati per vedere quanto \u00e8 facile utilizarlo e come anche tu puoi implementarlo nei tuoi progetti.<\/p>\n\n\n<p class=\"wp-block-paragraph\"><strong>Durata: 1h30, portare computer<\/strong><\/p>\n\n\t\t\t\t\t\t\t\t\t<\/div>\n\t\t\t<\/div>\n\n\t\t\t<\/div><!-- .wcorg-sessions -->\n\n\t\n","protected":false},"excerpt":{"rendered":"","protected":false},"author":14513255,"featured_media":0,"parent":0,"menu_order":0,"comment_status":"closed","ping_status":"closed","template":"template-full-width.php","meta":{"_crdt_document":"","jetpack_post_was_ever_published":false,"footnotes":""},"class_list":["post-9","page","type-page","status-publish","hentry"],"jetpack_sharing_enabled":true,"jetpack_shortlink":"https:\/\/wp.me\/PamRTJ-9","_links":{"self":[{"href":"https:\/\/torino.wordcamp.org\/2019\/wp-json\/wp\/v2\/pages\/9","targetHints":{"allow":["GET"]}}],"collection":[{"href":"https:\/\/torino.wordcamp.org\/2019\/wp-json\/wp\/v2\/pages"}],"about":[{"href":"https:\/\/torino.wordcamp.org\/2019\/wp-json\/wp\/v2\/types\/page"}],"author":[{"embeddable":true,"href":"https:\/\/torino.wordcamp.org\/2019\/wp-json\/wp\/v2\/users\/14513255"}],"replies":[{"embeddable":true,"href":"https:\/\/torino.wordcamp.org\/2019\/wp-json\/wp\/v2\/comments?post=9"}],"version-history":[{"count":2,"href":"https:\/\/torino.wordcamp.org\/2019\/wp-json\/wp\/v2\/pages\/9\/revisions"}],"predecessor-version":[{"id":1569,"href":"https:\/\/torino.wordcamp.org\/2019\/wp-json\/wp\/v2\/pages\/9\/revisions\/1569"}],"wp:attachment":[{"href":"https:\/\/torino.wordcamp.org\/2019\/wp-json\/wp\/v2\/media?parent=9"}],"curies":[{"name":"wp","href":"https:\/\/api.w.org\/{rel}","templated":true}]}}