{"id":611,"date":"2022-12-27T19:40:18","date_gmt":"2022-12-27T18:40:18","guid":{"rendered":"https:\/\/torino.wordcamp.org\/2023\/?page_id=611"},"modified":"2023-03-27T19:11:58","modified_gmt":"2023-03-27T17:11:58","slug":"home","status":"publish","type":"page","link":"https:\/\/torino.wordcamp.org\/2023\/","title":{"rendered":"Home"},"content":{"rendered":"\n<div class=\"wp-block-columns alignwide is-layout-flex wp-container-core-columns-is-layout-f56f613f wp-block-columns-is-layout-flex\">\n<div class=\"wp-block-column is-layout-flow wp-block-column-is-layout-flow\">\n<figure class=\"wp-block-image size-large\"><a href=\"https:\/\/torino.wordcamp.org\/2023\/programma\/\"><img loading=\"lazy\" decoding=\"async\" width=\"1024\" height=\"823\" src=\"https:\/\/torino.wordcamp.org\/2023\/files\/2023\/03\/wctrn-il-programma-1024x823.png\" alt=\"WCTRN il programma \" class=\"wp-image-5712\" srcset=\"https:\/\/torino.wordcamp.org\/2023\/files\/2023\/03\/wctrn-il-programma-1024x823.png 1024w, https:\/\/torino.wordcamp.org\/2023\/files\/2023\/03\/wctrn-il-programma-300x241.png 300w, https:\/\/torino.wordcamp.org\/2023\/files\/2023\/03\/wctrn-il-programma-768x617.png 768w, https:\/\/torino.wordcamp.org\/2023\/files\/2023\/03\/wctrn-il-programma-373x300.png 373w, https:\/\/torino.wordcamp.org\/2023\/files\/2023\/03\/wctrn-il-programma.png 1200w\" sizes=\"auto, (max-width: 1024px) 100vw, 1024px\" \/><\/a><\/figure>\n<\/div>\n\n\n\n<div class=\"wp-block-column is-layout-flow wp-block-column-is-layout-flow\">\n<figure class=\"wp-block-image size-large\"><img loading=\"lazy\" decoding=\"async\" width=\"1024\" height=\"823\" src=\"https:\/\/torino.wordcamp.org\/2023\/files\/2023\/03\/Call-For-Volunteers-1-1024x823.png\" alt=\"call for volunteers\" class=\"wp-image-5747\" srcset=\"https:\/\/torino.wordcamp.org\/2023\/files\/2023\/03\/Call-For-Volunteers-1-1024x823.png 1024w, https:\/\/torino.wordcamp.org\/2023\/files\/2023\/03\/Call-For-Volunteers-1-300x241.png 300w, https:\/\/torino.wordcamp.org\/2023\/files\/2023\/03\/Call-For-Volunteers-1-768x617.png 768w, https:\/\/torino.wordcamp.org\/2023\/files\/2023\/03\/Call-For-Volunteers-1-373x300.png 373w, https:\/\/torino.wordcamp.org\/2023\/files\/2023\/03\/Call-For-Volunteers-1.png 1200w\" sizes=\"auto, (max-width: 1024px) 100vw, 1024px\" \/><\/figure>\n<\/div>\n\n\n\n<div class=\"wp-block-column is-layout-flow wp-block-column-is-layout-flow\">\n<figure class=\"wp-block-image size-large\"><a href=\"https:\/\/torino.wordcamp.org\/2023\/tickets\/\"><img loading=\"lazy\" decoding=\"async\" width=\"1024\" height=\"823\" src=\"https:\/\/torino.wordcamp.org\/2023\/files\/2022\/12\/Biglietti-1024x823.png\" alt=\"WordCamp Torino 2023 acquista il biglietto\" class=\"wp-image-855\" srcset=\"https:\/\/torino.wordcamp.org\/2023\/files\/2022\/12\/Biglietti-1024x823.png 1024w, https:\/\/torino.wordcamp.org\/2023\/files\/2022\/12\/Biglietti-300x241.png 300w, https:\/\/torino.wordcamp.org\/2023\/files\/2022\/12\/Biglietti-768x617.png 768w, https:\/\/torino.wordcamp.org\/2023\/files\/2022\/12\/Biglietti-373x300.png 373w, https:\/\/torino.wordcamp.org\/2023\/files\/2022\/12\/Biglietti.png 1200w\" sizes=\"auto, (max-width: 1024px) 100vw, 1024px\" \/><\/a><\/figure>\n<\/div>\n<\/div>\n\n\n\n<div class=\"wp-block-columns alignwide is-layout-flex wp-container-core-columns-is-layout-81d6c3bf wp-block-columns-is-layout-flex\" style=\"margin-top:var(--wp--preset--spacing--50)\">\n<div class=\"wp-block-column is-layout-flow wp-block-column-is-layout-flow\" style=\"flex-basis:66.66%\">\n<div class=\"wp-block-query is-layout-flow wp-block-query-is-layout-flow\"><ul class=\"wp-block-post-template is-layout-flow wp-block-post-template-is-layout-flow\"><li class=\"wp-block-post post-8263 post type-post status-publish format-standard hentry category-news\">\n<h2 style=\"color:#b60505; font-style:normal;font-weight:700;\" class=\"has-link-color wp-elements-e5ace386c2554461a88d11bede314c96 wp-block-post-title has-text-color\"><a href=\"https:\/\/torino.wordcamp.org\/2023\/wordcamp-torino-2025-call-for-organizer\/\" target=\"_self\" >WORDCAMP TORINO 2026: Parte l&#8217;organizzazione. Sarai dei nostri?<\/a><\/h2>\n\n<div class=\"wp-block-post-author-name\">Laura Sacco<\/div>\n\n<div class=\"entry-content wp-block-post-content is-layout-flow wp-block-post-content-is-layout-flow\">\n<p class=\"wp-block-paragraph\">Lasciato alle spalle il WordCamp Europe, e dopo un anno di pausa, la community WordPress di Torino \u00e8 pronta a <strong>organizzare il prossimo evento 2026<\/strong>!<\/p>\n\n\n\n<p class=\"wp-block-paragraph\">Il WordCamp Torino 2026 \u00e8 in partenza e <strong>stiamo cercando te<\/strong> per farne un successo!<\/p>\n\n\n\n<h2 class=\"wp-block-heading has-secondary-color has-text-color has-link-color wp-elements-b536754cda16ef5f3cfae168f86fedee\"><strong>Perch\u00e9 partecipare all&#8217;organizzazione?<\/strong><\/h2>\n\n\n\n<ul class=\"wp-block-list\">\n<li><strong>Metti alla prova le tue competenze:<\/strong> l&#8217;organizzazione di un WordCamp \u00e8 un&#8217;opportunit\u00e0 unica per sviluppare nuove abilit\u00e0 e mettere in pratica le tue conoscenze.<\/li>\n\n\n\n<li><strong>Crea una rete di contatti:<\/strong> conoscerai persone appassionate come te e avrai l&#8217;opportunit\u00e0 di collaborare con professionisti del settore.<\/li>\n\n\n\n<li><strong>Lascia il tuo segno:<\/strong> contribuirai a creare un evento indimenticabile per tutta la community italiana di WordPress.<\/li>\n<\/ul>\n\n\n\n<h2 class=\"wp-block-heading has-secondary-color has-text-color has-link-color wp-elements-179f6f3c1c4f37a2bbc7763536852ec1\"><strong>Chi cerchiamo?<\/strong> <\/h2>\n\n\n\n<p class=\"wp-block-paragraph\">Cerchiamo persone entusiaste, proattive e con una buona dose di spirito di squadra. Non \u00e8 necessaria un&#8217;esperienza pregressa nell&#8217;organizzazione di eventi, basta la passione per WordPress e la voglia di mettersi in gioco.<\/p>\n\n\n\n<h2 class=\"wp-block-heading has-secondary-color has-text-color has-link-color wp-elements-1e09f4835b961946bfc6e66c7d7811e8\">Chi sta dietro all&#8217;organizzazione del WordCamp Torino?<\/h2>\n\n\n\n<p class=\"wp-block-paragraph\"><strong>\u00c8 una persona appassionata di WordPress<\/strong>, che contribuisce volontariamente alla sua diffusione e al suo sviluppo anche partecipando attivamente alla vita della sua Community.<\/p>\n\n\n\n<p class=\"wp-block-paragraph\">Conosce bene le&nbsp;<a href=\"https:\/\/make.wordpress.org\/community\/handbook\/wordcamp-organizer\/\">linee guida<\/a>&nbsp;che regolano l\u2019organizzazione di un WordCamp e aderisce al&nbsp;<a href=\"https:\/\/make.wordpress.org\/community\/handbook\/wordcamp-organizer\/planning-details\/code-of-conduct\/\">Codice di Condotta<\/a>&nbsp;della Community Internazionale e al <a href=\"https:\/\/it.wordpress.org\/manifesto\/\">Manifesto della Community Italiana<\/a>.<\/p>\n\n\n\n<p class=\"wp-block-paragraph\">Il suo impegno volontario e la sua capacit\u00e0 di lavorare in gruppo sono garanzia di un evento di successo, in linea con i valori della community stessa.<\/p>\n\n\n\n<p class=\"wp-block-paragraph\">Collabora in modo affidabile, proattivo e orientato al raggiungimento degli obiettivi. Sa lavorare efficacemente in gruppo, anche in situazioni di stress, e non esita a offrire il proprio supporto ai colleghi. Se si trova in difficolt\u00e0, chiede aiuto. Di fronte a un problema, cerca la soluzione, non chi \u00e8 colpevole.<\/p>\n\n\n\n<h1 class=\"wp-block-heading has-secondary-color has-text-color has-link-color wp-elements-71cf7a2b8ac3b4134ff756d1420d90bb\">Quali sono i suoi compiti e come lavorer\u00e0 il Team?<\/h1>\n\n\n\n<p class=\"wp-block-paragraph\">Ogni persona scelta ha un suo compito specifico. Le aree da coprire sono:<\/p>\n\n\n\n<ul class=\"wp-block-list\">\n<li>Controllo amministrativo (budget) e supervisione organizzazione (lead Laura)<\/li>\n\n\n\n<li>Documentazione e amministrazione (gestione email, fatture partecipanti\u2026)<\/li>\n\n\n\n<li>Venue<\/li>\n\n\n\n<li>Sponsor<\/li>\n\n\n\n<li>Speaker<\/li>\n\n\n\n<li>Volontari<\/li>\n\n\n\n<li>Sito internet<\/li>\n\n\n\n<li>Comunicazione (contenuti e social)<\/li>\n\n\n\n<li>Grafica<\/li>\n\n\n\n<li>Catering<\/li>\n\n\n\n<li>Eventi collegati (after party, sponsor dinner)<\/li>\n\n\n\n<li>Riprese video e foto<\/li>\n<\/ul>\n\n\n\n<p class=\"wp-block-paragraph\">A volte una singola persona pu\u00f2 gestire pi\u00f9 aree, oppure un&#8217;unica area pu\u00f2 essere gestita da pi\u00f9 responsabili. Inoltre, potrebbero esserci altre persone esterne all&#8217;organizzazione che collaborano e supportano determinate aree in specifici momenti.<\/p>\n\n\n\n<p class=\"wp-block-paragraph\">Le modalit\u00e0 di lavoro sono decise dal gruppo di organizzazione stesso, cos\u00ec come gli strumenti utilizzati, anche se Drive per l\u2019archiviazione dei documenti e Slack per la riunione settimanale saranno strumenti usati per certo.<\/p>\n\n\n\n<h2 class=\"wp-block-heading has-secondary-color has-text-color has-link-color wp-elements-22e83b64c9fdb28ab40bb15a5f622ed6\">Quanto tempo \u00e8 richiesto?<\/h2>\n\n\n\n<p class=\"wp-block-paragraph\">L&#8217;organizzazione dell&#8217;evento \u00e8 su base volontaria e sar\u00e0 compatibile il pi\u00f9 possibile con il lavoro che svolgiamo per vivere.<\/p>\n\n\n\n<p class=\"wp-block-paragraph\">Non \u00e8 semplice quantificare il tempo richiesto, perch\u00e9 dipende dal tipo di compito. Inoltre, per alcuni compiti l\u2019impegno maggiore \u00e8 all&#8217;inizio dell\u2019organizzazione, per altri \u00e8 a ridosso dell\u2019evento. Potremmo stimare una media di&nbsp;<strong>3\/4 ore alla settimana per tutta la durata dell\u2019organizzazione.<\/strong><\/p>\n\n\n\n<p class=\"wp-block-paragraph\">Di sicuro tutto il gruppo di organizzazione \u00e8 chiamato a:<\/p>\n\n\n\n<ul class=\"wp-block-list\">\n<li>partecipare alle riunioni organizzative (almeno 1 alla settimana)<\/li>\n\n\n\n<li>partecipare interamente alle giornate dell\u2019evento<\/li>\n\n\n\n<li>partecipare a tutti i momenti conviviali collegati all&#8217;evento (sponsor\/volunteers dinner, after party)<\/li>\n<\/ul>\n\n\n\n<h3 class=\"wp-block-heading has-secondary-color has-text-color has-link-color wp-elements-caf3512a49fbb285611ff05dbd69f0aa\">BELLO! VOGLIO FARE PARTE DELL\u2019ORGANIZZAZIONE. COME FACCIO?<\/h3>\n\n\n\n<p class=\"has-contrast-color has-primary-background-color has-text-color has-background has-link-color has-medium-font-size wp-elements-ee9ecddde7c0008ad760d85b564a18bb wp-block-paragraph\">Se l\u2019idea ti entusiasma e vuoi far parte della squadra, <a href=\"https:\/\/forms.gle\/sgLKALLqfr57hefe7\">compila questo&nbsp;modulo&nbsp;<strong>entro il 30 ottobre 2025.<\/strong><\/a><\/p>\n\n\n\n<div style=\"height:100px\" aria-hidden=\"true\" class=\"wp-block-spacer\"><\/div>\n<\/div>\n\n\n<div style=\"height:30px\" aria-hidden=\"true\" class=\"wp-block-spacer\"><\/div>\n\n\n\n<hr class=\"wp-block-separator has-text-color has-secondary-color has-alpha-channel-opacity has-secondary-background-color has-background is-style-dots\" \/>\n\n\n\n<div style=\"height:40px\" aria-hidden=\"true\" class=\"wp-block-spacer\"><\/div>\n\n<\/li><li class=\"wp-block-post post-5987 post type-post status-publish format-standard hentry category-news\">\n<h2 style=\"color:#b60505; font-style:normal;font-weight:700;\" class=\"has-link-color wp-elements-e5ace386c2554461a88d11bede314c96 wp-block-post-title has-text-color\"><a href=\"https:\/\/torino.wordcamp.org\/2023\/scelte-sostenibili-per-un-futuro-piu-verde\/\" target=\"_self\" >Scelte sostenibili, per un futuro pi\u00f9 verde<\/a><\/h2>\n\n<div class=\"wp-block-post-author-name\">Laura Sacco<\/div>\n\n<div class=\"entry-content wp-block-post-content is-layout-flow wp-block-post-content-is-layout-flow\">\n<p class=\"wp-block-paragraph\">Della scelta di sostenere fornitori etici e solidali ti abbiamo <a href=\"https:\/\/torino.wordcamp.org\/2023\/il-cuore-solidale-del-wordcamp-torino\/\">gi\u00e0 raccontato qui.<\/a><\/p>\n\n\n\n<p class=\"wp-block-paragraph\">Ora che il WordCamp volge al termine, vogliamo raccontarti di tutte le scelte che abbiamo fatto per contribuire, nel nostro piccolo, alla salvaguardia del pianeta.<\/p>\n\n\n\n<p class=\"wp-block-paragraph\"><\/p>\n\n\n\n <a href=\"https:\/\/torino.wordcamp.org\/2023\/scelte-sostenibili-per-un-futuro-piu-verde\/#more-5987\" class=\"more-link\">Leggi tutto<\/a><\/div>\n\n\n<div style=\"height:30px\" aria-hidden=\"true\" class=\"wp-block-spacer\"><\/div>\n\n\n\n<hr class=\"wp-block-separator has-text-color has-secondary-color has-alpha-channel-opacity has-secondary-background-color has-background is-style-dots\" \/>\n\n\n\n<div style=\"height:40px\" aria-hidden=\"true\" class=\"wp-block-spacer\"><\/div>\n\n<\/li><li class=\"wp-block-post post-5981 post type-post status-publish format-standard hentry category-news\">\n<h2 style=\"color:#b60505; font-style:normal;font-weight:700;\" class=\"has-link-color wp-elements-e5ace386c2554461a88d11bede314c96 wp-block-post-title has-text-color\"><a href=\"https:\/\/torino.wordcamp.org\/2023\/torino-e\/\" target=\"_self\" >Torino \u00e8&#8230;<\/a><\/h2>\n\n<div class=\"wp-block-post-author-name\">Laura Sacco<\/div>\n\n<div class=\"entry-content wp-block-post-content is-layout-flow wp-block-post-content-is-layout-flow\">\n<p class=\"wp-block-paragraph\">Torino \u00e8 un&#8217;aristocratica &#8220;vecchia signora&#8221; con un passato glorioso e un presente brillante. Prima capitale d&#8217;Italia, \u00e8 oggi conosciuta come la citt\u00e0 dell&#8217;innovazione, dell&#8217;arte e della cultura, dell&#8217;automotive, della beneficenza e dei progetti di innovazione sociale, del cibo e della magia! <\/p>\n\n\n\n<p class=\"wp-block-paragraph\">Vivace ed elegante, sempre in movimento, Torino \u00e8 una citt\u00e0 immersa nel verde, con oltre 300 km di viali alberati e innumerevoli parchi.<\/p>\n\n\n\n<p class=\"wp-block-paragraph\"><\/p>\n\n\n\n <a href=\"https:\/\/torino.wordcamp.org\/2023\/torino-e\/#more-5981\" class=\"more-link\">Esploriamola insieme<\/a><\/div>\n\n\n<div style=\"height:30px\" aria-hidden=\"true\" class=\"wp-block-spacer\"><\/div>\n\n\n\n<hr class=\"wp-block-separator has-text-color has-secondary-color has-alpha-channel-opacity has-secondary-background-color has-background is-style-dots\" \/>\n\n\n\n<div style=\"height:40px\" aria-hidden=\"true\" class=\"wp-block-spacer\"><\/div>\n\n<\/li><li class=\"wp-block-post post-5647 post type-post status-publish format-standard hentry category-news\">\n<h2 style=\"color:#b60505; font-style:normal;font-weight:700;\" class=\"has-link-color wp-elements-e5ace386c2554461a88d11bede314c96 wp-block-post-title has-text-color\"><a href=\"https:\/\/torino.wordcamp.org\/2023\/nessuno-sponsor-e-troppo-piccolo-grazie-ai-nostri-sponsor-copper\/\" target=\"_self\" >Nessuno sponsor \u00e8 troppo piccolo: grazie ai nostri sponsor copper!<\/a><\/h2>\n\n<div class=\"wp-block-post-author-name\">Laura Sacco<\/div>\n\n<div class=\"entry-content wp-block-post-content is-layout-flow wp-block-post-content-is-layout-flow\">\n<p class=\"wp-block-paragraph\">Ci son tanti modi per contribuire al WordCamp Torino. E certamente l&#8217;acquisto di un biglietto Copper \u00e8 un sostegno prezioso.<\/p>\n\n\n\n<p class=\"wp-block-paragraph\">Grazie di cuore a tutti coloro che hanno scelto di essere nostri sponsor Copper \u2764\ufe0f!<\/p>\n\n\n\t\t<div id=\"tix-attendees\">\n\t\t\t<ul class=\"tix-attendee-list tix-columns-3\">\n\t\t\t\t<li><img alt='' src='https:\/\/secure.gravatar.com\/avatar\/c0a868bfcc10c3f575798fe2786d22795e45b9764bac068daffcb054d6a59f0d?s=96&#038;d=mm&#038;r=g' srcset='https:\/\/secure.gravatar.com\/avatar\/c0a868bfcc10c3f575798fe2786d22795e45b9764bac068daffcb054d6a59f0d?s=192&#038;d=mm&#038;r=g 2x' class='avatar avatar-96 photo' height='96' width='96' loading='lazy' decoding='async'\/>\n\t\t\t\t\t\t<div class=\"tix-field tix-attendee-name\">\n\t\t\t\t\t\t\t<span class=\"tix-first\">Alberto<\/span> <span class=\"tix-last\">Patrucco<\/span>\t\t\t\t\t\t<\/div>\n\n\t\t\t\t\t\t\t\t\t\t\t\t\t\t<div class=\"tix-field tix-nome-azienda\">\n\t\t\t\t\t\t\t\t\tPATRUCCO Comunicazione Efficace\t\t\t\t\t\t\t\t<\/div>\n\t\t\t\t\t\t\t\t\t\t\t\t\t\n\t\t\t\t\t\t<a class=\"tix-field tix-attendee-url tix-sito-internet\" href=\"http:\/\/www.patrucco.it\">patrucco.it<\/a><\/li><li><img alt='' src='https:\/\/secure.gravatar.com\/avatar\/d04a29a373300a70562c56ee3e2744941c3f44dd2ba7a54e06ecf0c3c41c54f8?s=96&#038;d=mm&#038;r=g' srcset='https:\/\/secure.gravatar.com\/avatar\/d04a29a373300a70562c56ee3e2744941c3f44dd2ba7a54e06ecf0c3c41c54f8?s=192&#038;d=mm&#038;r=g 2x' class='avatar avatar-96 photo' height='96' width='96' loading='lazy' decoding='async'\/>\n\t\t\t\t\t\t<div class=\"tix-field tix-attendee-name\">\n\t\t\t\t\t\t\t<span class=\"tix-first\">Andrea<\/span> <span class=\"tix-last\">Paternostro<\/span>\t\t\t\t\t\t<\/div>\n\n\t\t\t\t\t\t\t\t\t\t\t\t\t\t<div class=\"tix-field tix-nome-azienda\">\n\t\t\t\t\t\t\t\t\tMilano Weekend\t\t\t\t\t\t\t\t<\/div>\n\t\t\t\t\t\t\t\t\t\t\t\t\t\n\t\t\t\t\t\t<a class=\"tix-field tix-attendee-twitter\" href=\"http:\/\/twitter.com\/andreapater\">@andreapater<\/a><a class=\"tix-field tix-attendee-url tix-sito-internet\" href=\"https:\/\/www.milanoweekend.it\">milanoweekend.it<\/a><\/li><li><img alt='' src='https:\/\/secure.gravatar.com\/avatar\/528060a9fdcb966fb02f2e589758d86781a99d46609cf8d00ba2c2c4dd5830be?s=96&#038;d=mm&#038;r=g' srcset='https:\/\/secure.gravatar.com\/avatar\/528060a9fdcb966fb02f2e589758d86781a99d46609cf8d00ba2c2c4dd5830be?s=192&#038;d=mm&#038;r=g 2x' class='avatar avatar-96 photo' height='96' width='96' loading='lazy' decoding='async'\/>\n\t\t\t\t\t\t<div class=\"tix-field tix-attendee-name\">\n\t\t\t\t\t\t\t<span class=\"tix-first\">Mariken<\/span> <span class=\"tix-last\">de Ruiter<\/span>\t\t\t\t\t\t<\/div>\n\n\t\t\t\t\t\t\t\t\t\t\t\t\t\t<div class=\"tix-field tix-nome-azienda\">\n\t\t\t\t\t\t\t\t\tDesignlab &#8211; Website Building Services \t\t\t\t\t\t\t\t<\/div>\n\t\t\t\t\t\t\t\t\t\t\t\t\t\n\t\t\t\t\t\t<a class=\"tix-field tix-attendee-twitter\" href=\"http:\/\/twitter.com\/wpmariken\">@wpmariken<\/a><a class=\"tix-field tix-attendee-url tix-sito-internet\" href=\"https:\/\/designlab.amsterdam\">designlab.amsterdam<\/a><\/li><li><img alt='' src='https:\/\/secure.gravatar.com\/avatar\/5f5f4ed12f2392d355a621c3604eef9c914dca498be78d4abb4b355bb99dd4a7?s=96&#038;d=mm&#038;r=g' srcset='https:\/\/secure.gravatar.com\/avatar\/5f5f4ed12f2392d355a621c3604eef9c914dca498be78d4abb4b355bb99dd4a7?s=192&#038;d=mm&#038;r=g 2x' class='avatar avatar-96 photo' height='96' width='96' loading='lazy' decoding='async'\/>\n\t\t\t\t\t\t<div class=\"tix-field tix-attendee-name\">\n\t\t\t\t\t\t\t<span class=\"tix-first\">Patricia<\/span> <span class=\"tix-last\">BT<\/span>\t\t\t\t\t\t<\/div>\n\n\t\t\t\t\t\t\t\t\t\t\t\t\t\t<div class=\"tix-field tix-nome-azienda\">\n\t\t\t\t\t\t\t\t\tInteraction.Site + PatriciaBT.com\t\t\t\t\t\t\t\t<\/div>\n\t\t\t\t\t\t\t\t\t\t\t\t\t\n\t\t\t\t\t\t<a class=\"tix-field tix-attendee-twitter\" href=\"http:\/\/twitter.com\/interactionsite\">@interactionsite<\/a><a class=\"tix-field tix-attendee-url tix-sito-internet\" href=\"https:\/\/interaction.site\">interaction.site<\/a><\/li>\t\t\t<\/ul>\n\t\t<\/div>\n\t\t<br class=\"tix-clear\"\/>\n\t\t\n<\/div>\n\n\n<div style=\"height:30px\" aria-hidden=\"true\" class=\"wp-block-spacer\"><\/div>\n\n\n\n<hr class=\"wp-block-separator has-text-color has-secondary-color has-alpha-channel-opacity has-secondary-background-color has-background is-style-dots\" \/>\n\n\n\n<div style=\"height:40px\" aria-hidden=\"true\" class=\"wp-block-spacer\"><\/div>\n\n<\/li><li class=\"wp-block-post post-5985 post type-post status-publish format-standard hentry category-news\">\n<h2 style=\"color:#b60505; font-style:normal;font-weight:700;\" class=\"has-link-color wp-elements-e5ace386c2554461a88d11bede314c96 wp-block-post-title has-text-color\"><a href=\"https:\/\/torino.wordcamp.org\/2023\/e-festa-sia-ovvero-tutto-quello-che-devi-sapere-sullafterparty\/\" target=\"_self\" >E festa sia! (ovvero, tutto quello che devi sapere sull&#8217;afterparty)<\/a><\/h2>\n\n<div class=\"wp-block-post-author-name\">Laura Sacco<\/div>\n\n<div class=\"entry-content wp-block-post-content is-layout-flow wp-block-post-content-is-layout-flow\">\n<p class=\"wp-block-paragraph\">Un wordCamp \u00e8 anche una grande festa, e qual \u00e8 il miglior modo per terminare una bella esperienza?<\/p>\n\n\n\n<p class=\"wp-block-paragraph\">S\u00ec, proprio con un bel party!<\/p>\n\n\n\n<p class=\"wp-block-paragraph\">Quest&#8217;anno l&#8217;after party si terr\u00e0 a Piazza dei Mestieri, in via via Jacopo Durandi, 13. a Torino. Ci vediamo l\u00ec a partire dalle 20,30.<\/p>\n\n\n\n<p class=\"wp-block-paragraph\"><\/p>\n\n\n\n <a href=\"https:\/\/torino.wordcamp.org\/2023\/e-festa-sia-ovvero-tutto-quello-che-devi-sapere-sullafterparty\/#more-5985\" class=\"more-link\">Ecco cosa devi sapere<\/a><\/div>\n\n\n<div style=\"height:30px\" aria-hidden=\"true\" class=\"wp-block-spacer\"><\/div>\n\n\n\n<hr class=\"wp-block-separator has-text-color has-secondary-color has-alpha-channel-opacity has-secondary-background-color has-background is-style-dots\" \/>\n\n\n\n<div style=\"height:40px\" aria-hidden=\"true\" class=\"wp-block-spacer\"><\/div>\n\n<\/li><\/ul><\/div>\n\n\n\n<div class=\"wp-block-columns is-layout-flex wp-container-core-columns-is-layout-f56f613f wp-block-columns-is-layout-flex\">\n<div class=\"wp-block-column is-layout-flow wp-block-column-is-layout-flow\"><\/div>\n\n\n\n<div class=\"wp-block-column is-layout-flow wp-block-column-is-layout-flow\"><\/div>\n<\/div>\n<\/div>\n\n\n\n<div class=\"wp-block-column is-layout-flow wp-block-column-is-layout-flow\" style=\"flex-basis:33.33%\">\n<aside class=\"wp-block-group has-global-padding is-layout-constrained wp-block-group-is-layout-constrained\"><form role=\"search\" method=\"get\" action=\"https:\/\/torino.wordcamp.org\/2023\/\" class=\"wp-block-search__button-outside wp-block-search__text-button wp-block-search\"    ><label class=\"wp-block-search__label\" for=\"wp-block-search__input-1\" >Cerca<\/label><div class=\"wp-block-search__inside-wrapper\" ><input class=\"wp-block-search__input\" id=\"wp-block-search__input-1\" placeholder=\"\" value=\"\" type=\"search\" name=\"s\" required \/><button aria-label=\"Cerca\" class=\"wp-block-search__button wp-element-button\" type=\"submit\" >Cerca<\/button><\/div><\/form>\n\n\n<div style=\"height:30px\" aria-hidden=\"true\" class=\"wp-block-spacer\"><\/div>\n\n\n\n<div class=\"wp-block-group has-global-padding is-layout-constrained wp-block-group-is-layout-constrained\">\n<h3 class=\"wp-block-heading\">Quando<\/h3>\n\n\n\n<ul class=\"wp-block-list\">\n<li><strong>venerd\u00ec 14 aprile<\/strong>: Contributor Day<\/li>\n\n\n\n<li><strong>sabato 15 aprile<\/strong>: Conferenza<\/li>\n<\/ul>\n<\/div>\n\n\n\n<div style=\"height:30px\" aria-hidden=\"true\" class=\"wp-block-spacer\"><\/div>\n\n\n\n<div class=\"wp-block-group has-global-padding is-layout-constrained wp-block-group-is-layout-constrained\">\n<h3 class=\"wp-block-heading\">Location<\/h3>\n\n\n\n<p class=\"wp-block-paragraph\"><a rel=\"noreferrer noopener\" href=\"https:\/\/maps.google.com\/maps?z=16&amp;q=via%2Bagostino%2Bda%2Bmontefeltro%2B2%2B10134%2Btorino\" target=\"_blank\">Via Agostino da Montefeltro 2 10134 Torino<\/a><\/p>\n<\/div>\n\n\n\n<div style=\"height:30px\" aria-hidden=\"true\" class=\"wp-block-spacer\"><\/div>\n\n\n\n<div class=\"wp-block-group has-global-padding is-layout-constrained wp-block-group-is-layout-constrained\">\n<figure class=\"wp-block-image size-large\"><a href=\"https:\/\/torino.wordcamp.org\/2023\/sponsors\/\"><img loading=\"lazy\" decoding=\"async\" width=\"1024\" height=\"823\" src=\"https:\/\/torino.wordcamp.org\/2023\/files\/2023\/03\/WCTRN_Sponsors-1024x823.png\" alt=\"\" class=\"wp-image-5252\" srcset=\"https:\/\/torino.wordcamp.org\/2023\/files\/2023\/03\/WCTRN_Sponsors-1024x823.png 1024w, https:\/\/torino.wordcamp.org\/2023\/files\/2023\/03\/WCTRN_Sponsors-300x241.png 300w, https:\/\/torino.wordcamp.org\/2023\/files\/2023\/03\/WCTRN_Sponsors-768x617.png 768w, https:\/\/torino.wordcamp.org\/2023\/files\/2023\/03\/WCTRN_Sponsors-373x300.png 373w, https:\/\/torino.wordcamp.org\/2023\/files\/2023\/03\/WCTRN_Sponsors.png 1200w\" sizes=\"auto, (max-width: 1024px) 100vw, 1024px\" \/><\/a><\/figure>\n\n\n\n<h3 class=\"wp-block-heading\">Semplificati la vita!<\/h3>\n\n\n\n<p class=\"wp-block-paragraph\">Lascia il tuo indirizzo mail qui sotto per ricevere gli aggiornamenti dal sito: ricevi&nbsp;le notizie relative a sponsor, speaker, volontari\u01dd, alla vendita dei biglietti&nbsp;e tutte le info che possono esserti utili.<\/p>\n\n\n<div class=\"wp-block-jetpack-subscriptions__supports-newline wp-block-jetpack-subscriptions\">\n\t\t<div>\n\t\t\t<div>\n\t\t\t\t<div>\n\t\t\t\t\t<p >\n\t\t\t\t\t\t<a href=\"https:\/\/torino.wordcamp.org\/2023\/?post_type=page&#038;p=611\" style=\"font-size: 16px;padding: 15px 23px 15px 23px;margin: 0; margin-left: 10px;border-radius: 0px;border-width: 1px; text-decoration: none; white-space: nowrap; margin-left: 0\">Iscriviti<\/a>\n\t\t\t\t\t<\/p>\n\t\t\t\t<\/div>\n\t\t\t<\/div>\n\t\t<\/div>\n\t<\/div><\/div>\n\n\n\n<div style=\"height:30px\" aria-hidden=\"true\" class=\"wp-block-spacer\"><\/div>\n\n\n\n<div class=\"wp-block-group has-global-padding is-layout-constrained wp-block-group-is-layout-constrained\">\n<h3 class=\"wp-block-heading\">Tutti gli articoli<\/h3>\n\n\n\n<div class=\"wp-block-query is-layout-flow wp-block-query-is-layout-flow\"><ul class=\"wp-block-post-template is-layout-flow wp-block-post-template-is-layout-flow\"><li class=\"wp-block-post post-8263 post type-post status-publish format-standard hentry category-news\">\n<h5 class=\"wp-block-post-title\"><a href=\"https:\/\/torino.wordcamp.org\/2023\/wordcamp-torino-2025-call-for-organizer\/\" target=\"_self\" >WORDCAMP TORINO 2026: Parte l&#8217;organizzazione. Sarai dei nostri?<\/a><\/h5>\n<\/li><li class=\"wp-block-post post-5987 post type-post status-publish format-standard hentry category-news\">\n<h5 class=\"wp-block-post-title\"><a href=\"https:\/\/torino.wordcamp.org\/2023\/scelte-sostenibili-per-un-futuro-piu-verde\/\" target=\"_self\" >Scelte sostenibili, per un futuro pi\u00f9 verde<\/a><\/h5>\n<\/li><li class=\"wp-block-post post-5981 post type-post status-publish format-standard hentry category-news\">\n<h5 class=\"wp-block-post-title\"><a href=\"https:\/\/torino.wordcamp.org\/2023\/torino-e\/\" target=\"_self\" >Torino \u00e8&#8230;<\/a><\/h5>\n<\/li><li class=\"wp-block-post post-5647 post type-post status-publish format-standard hentry category-news\">\n<h5 class=\"wp-block-post-title\"><a href=\"https:\/\/torino.wordcamp.org\/2023\/nessuno-sponsor-e-troppo-piccolo-grazie-ai-nostri-sponsor-copper\/\" target=\"_self\" >Nessuno sponsor \u00e8 troppo piccolo: grazie ai nostri sponsor copper!<\/a><\/h5>\n<\/li><li class=\"wp-block-post post-5985 post type-post status-publish format-standard hentry category-news\">\n<h5 class=\"wp-block-post-title\"><a href=\"https:\/\/torino.wordcamp.org\/2023\/e-festa-sia-ovvero-tutto-quello-che-devi-sapere-sullafterparty\/\" target=\"_self\" >E festa sia! (ovvero, tutto quello che devi sapere sull&#8217;afterparty)<\/a><\/h5>\n<\/li><li class=\"wp-block-post post-5820 post type-post status-publish format-standard hentry category-news\">\n<h5 class=\"wp-block-post-title\"><a href=\"https:\/\/torino.wordcamp.org\/2023\/per-vivere-lesperienza-del-wctrn-al-massimo\/\" target=\"_self\" >Per vivere l&#8217;esperienza del WCTRN al massimo<\/a><\/h5>\n<\/li><li class=\"wp-block-post post-5983 post type-post status-publish format-standard hentry category-news\">\n<h5 class=\"wp-block-post-title\"><a href=\"https:\/\/torino.wordcamp.org\/2023\/il-cuore-solidale-del-wordcamp-torino\/\" target=\"_self\" >Il cuore solidale del WordCamp Torino<\/a><\/h5>\n<\/li><li class=\"wp-block-post post-877 post type-post status-publish format-standard hentry category-news\">\n<h5 class=\"wp-block-post-title\"><a href=\"https:\/\/torino.wordcamp.org\/2023\/perche-il-sito-del-wordcamp-torino-e-realizzato-in-full-site-editing-fse\/\" target=\"_self\" >Perch\u00e9 il sito del WordCamp Torino \u00e8 realizzato in Full Site Editing (FSE)<\/a><\/h5>\n<\/li><li class=\"wp-block-post post-5961 post type-post status-publish format-standard hentry category-news\">\n<h5 class=\"wp-block-post-title\"><a href=\"https:\/\/torino.wordcamp.org\/2023\/un-supporto-prezioso-grazie-ai-nostri-sponsor-bronze\/\" target=\"_self\" >Un supporto prezioso: grazie ai nostri sponsor bronze.<\/a><\/h5>\n<\/li><li class=\"wp-block-post post-5968 post type-post status-publish format-standard hentry category-news\">\n<h5 class=\"wp-block-post-title\"><a href=\"https:\/\/torino.wordcamp.org\/2023\/benvenuta-wacometta\/\" target=\"_self\" >Benvenuta Wacometta!<\/a><\/h5>\n<\/li><\/ul><\/div>\n<\/div>\n<\/aside>\n<\/div>\n<\/div>\n","protected":false},"excerpt":{"rendered":"","protected":false},"author":15311714,"featured_media":0,"parent":0,"menu_order":0,"comment_status":"closed","ping_status":"closed","template":"","meta":{"_crdt_document":"","jetpack_post_was_ever_published":false,"footnotes":""},"class_list":["post-611","page","type-page","status-publish","hentry"],"jetpack_sharing_enabled":true,"_links":{"self":[{"href":"https:\/\/torino.wordcamp.org\/2023\/wp-json\/wp\/v2\/pages\/611","targetHints":{"allow":["GET"]}}],"collection":[{"href":"https:\/\/torino.wordcamp.org\/2023\/wp-json\/wp\/v2\/pages"}],"about":[{"href":"https:\/\/torino.wordcamp.org\/2023\/wp-json\/wp\/v2\/types\/page"}],"author":[{"embeddable":true,"href":"https:\/\/torino.wordcamp.org\/2023\/wp-json\/wp\/v2\/users\/15311714"}],"replies":[{"embeddable":true,"href":"https:\/\/torino.wordcamp.org\/2023\/wp-json\/wp\/v2\/comments?post=611"}],"version-history":[{"count":31,"href":"https:\/\/torino.wordcamp.org\/2023\/wp-json\/wp\/v2\/pages\/611\/revisions"}],"predecessor-version":[{"id":5854,"href":"https:\/\/torino.wordcamp.org\/2023\/wp-json\/wp\/v2\/pages\/611\/revisions\/5854"}],"wp:attachment":[{"href":"https:\/\/torino.wordcamp.org\/2023\/wp-json\/wp\/v2\/media?parent=611"}],"curies":[{"name":"wp","href":"https:\/\/api.w.org\/{rel}","templated":true}]}}